{"id":528,"date":"2019-08-04T19:44:25","date_gmt":"2019-08-04T17:44:25","guid":{"rendered":"https:\/\/sumfleth-buxtehude.pfweb.eu\/?page_id=528"},"modified":"2022-03-27T20:26:23","modified_gmt":"2022-03-27T18:26:23","slug":"familienwappen","status":"publish","type":"page","link":"https:\/\/web68688.ssd-space.de\/sumfleth-buxtehude\/familienforschung\/familienwappen\/","title":{"rendered":"Familienwappen"},"content":{"rendered":"\n<p><em>Das Wort Wappen (mhd. W\u00e2pen) stammt aus dem Mittelniederl\u00e4ndischen (mnl. W\u00e2pen) und war urspr\u00fcnglich bedeutungsgleich mit mittelhochdeutsch w\u00e2fen \u201eWaffe, R\u00fcstung\u201c. Es ist also etymologisch mit Waffe gleichzusetzen.<\/em><\/p>\n\n\n\n<p><em>Das\nWappen war urspr\u00fcnglich ein Abzeichen auf einem Schild. Wappen sind\nin ihrer klassischen, mittelalterlichen Form in der ersten H\u00e4lfte\ndes 12. Jahrhunderts, der Zeit der Kreuzz\u00fcge entstanden \u2013 also\nunter anderem im Zusammenhang mit dem Auftreten gro\u00dfer Ritterheere.<\/em><\/p>\n\n\n\n<p><em>Mit\ndem Aufkommen von immer schwereren und geschlossenen R\u00fcstungen\n(speziell des Topfhelms) waren Freund und Feind in der Schlacht nicht\nmehr erkennbar, so dass das Wappen als Identifikationshilfe diente.\nWie mittelalterliche Darstellungen zeigen, war das gerade bei der\nReiterei der Fall. Besonders geeignet zur Anbringung des Wappens\nwaren Schild und Helm. Sie wurden deshalb die Symbol tragenden\nElemente der Wappen.<\/em><\/p>\n\n\n\n<p><em>E<\/em><em><strong>in\neinfaches Vollwappen besteht mindestens aus Schild und Oberwappen\n<\/strong><\/em><em>(Helm, Helmzier und\nHelmdecke, dazu treten Rangkronen). Diese Bestandteile sind bei einem\nVollwappen obligatorisch.<\/em><\/p>\n\n\n\n<p><em><strong>Vornehmlich werden die vier Farben Rot, Blau, Gr\u00fcn und Schwarz sowie zwei Metalle Gold und Silber verwendet<\/strong>, auf deren Kontrast die Fernwirkung es Wappens beruht.<\/em><\/p>\n\n\n\n<h2 class=\"wp-block-heading\">Familienwappen Somfleth \/ Sumfleth<\/h2>\n\n\n\n<figure class=\"wp-block-table alignleft is-style-regular\"><table><tbody><tr><td><a href=\"https:\/\/web68688.ssd-space.de\/sumfleth-buxtehude\/wp-content\/uploads\/2019\/08\/Familienwappen_2.jpg\"><img loading=\"lazy\" decoding=\"async\" width=\"250\" height=\"353\" class=\"wp-image-6\" style=\"width: 250px;\" src=\"https:\/\/web68688.ssd-space.de\/sumfleth-buxtehude\/wp-content\/uploads\/2016\/02\/Familienwappen_3-2.jpg\" alt=\"Sumfleth \/ Somfleth\" srcset=\"https:\/\/web68688.ssd-space.de\/sumfleth-buxtehude\/wp-content\/uploads\/2016\/02\/Familienwappen_3-2.jpg 725w, https:\/\/web68688.ssd-space.de\/sumfleth-buxtehude\/wp-content\/uploads\/2016\/02\/Familienwappen_3-2-212x300.jpg 212w\" sizes=\"auto, (max-width: 250px) 100vw, 250px\" \/><\/a><\/td><\/tr><\/tbody><\/table><\/figure>\n\n\n\n<p>In dem<strong> Somfleth\/Sumfleth Familienwappen<\/strong> werden die Hauptberufe der Familien (Bauern und Seefahrer) im \u201eAlten Land\u201c abgebildet.<\/p>\n\n\n\n<p>Der\n<strong>Giebel<\/strong>\nsteht f\u00fcr das Altl\u00e4nder Bauernhaus. Charakteristisch ist der\ngekreuzte Giebelschwan mit dem gebogenen Kopf, der sich auf die Brust\nsenkt. Das kleine Loch in der Mitte ist das \u201e<strong>Eulenloch<\/strong>\u201c\n(da die tief heruntergezogenen Reetd\u00e4cher keinen Schornstein hatten,\ndiente das \u201eEulenloch\u201c als Rauchabzug und gleichzeitig als\nEinflugloch f\u00fcr Schleiereulen und Kauze, die das Haus von Ungeziefer\nfreihielten).<\/p>\n\n\n\n<p>Die <strong>Windrose<\/strong> oberhalb des Helmes, umgeben von zwei <strong>Kuhh\u00f6rnern<\/strong>, steht als Symbol f\u00fcr die Seefahrer. Eine Windrose wird zur Angabe bzw. Orientierung von Windrichtungen, von Richtungen auf der Erdoberfl\u00e4che und von Kursen in der Seefahrt (oder Luftfahrt) verwendet.  <\/p>\n\n\n\n<p>(Die o.g. Beschreibung wurde mir von J. A. Sumfleth, dem Entwickler des Familienwappen zur Verf\u00fcgung gestellt.)<\/p>\n<div class=\"shariff shariff-align-center shariff-widget-align-center\" data-services=\"facebook\" data-url=\"https%3A%2F%2Fweb68688.ssd-space.de%2Fsumfleth-buxtehude%2Ffamilienforschung%2Ffamilienwappen%2F\" data-timestamp=\"1648412783\" data-backendurl=\"https:\/\/web68688.ssd-space.de\/sumfleth-buxtehude\/wp-json\/shariff\/v1\/share_counts?\"><ul class=\"shariff-buttons theme-grey orientation-horizontal buttonsize-small\"><li class=\"shariff-button mastodon shariff-nocustomcolor\" style=\"background-color:#563ACC\"><a href=\"https:\/\/s2f.kytta.dev\/?text=Familienwappen https%3A%2F%2Fweb68688.ssd-space.de%2Fsumfleth-buxtehude%2Ffamilienforschung%2Ffamilienwappen%2F\" title=\"Bei Mastodon teilen\" aria-label=\"Bei Mastodon teilen\" role=\"button\" rel=\"noopener nofollow\" class=\"shariff-link\" style=\"; background-color:#6364FF; color:#fff\" target=\"_blank\"><span class=\"shariff-icon\" style=\"\"><svg width=\"75\" height=\"79\" viewBox=\"0 0 75 79\" fill=\"none\" xmlns=\"http:\/\/www.w3.org\/2000\/svg\"><path d=\"M37.813-.025C32.462-.058 27.114.13 21.79.598c-8.544.621-17.214 5.58-20.203 13.931C-1.12 23.318.408 32.622.465 41.65c.375 7.316.943 14.78 3.392 21.73 4.365 9.465 14.781 14.537 24.782 15.385 7.64.698 15.761-.213 22.517-4.026a54.1 54.1 0 0 0 .01-6.232c-6.855 1.316-14.101 2.609-21.049 1.074-3.883-.88-6.876-4.237-7.25-8.215-1.53-3.988 3.78-.43 5.584-.883 9.048 1.224 18.282.776 27.303-.462 7.044-.837 14.26-4.788 16.65-11.833 2.263-6.135 1.215-12.79 1.698-19.177.06-3.84.09-7.692-.262-11.52C72.596 7.844 63.223.981 53.834.684a219.453 219.453 0 0 0-16.022-.71zm11.294 12.882c5.5-.067 10.801 4.143 11.67 9.653.338 1.48.471 3 .471 4.515v21.088h-8.357c-.07-7.588.153-15.182-.131-22.765-.587-4.368-7.04-5.747-9.672-2.397-2.422 3.04-1.47 7.155-1.67 10.735v6.392h-8.307c-.146-4.996.359-10.045-.404-15.002-1.108-4.218-7.809-5.565-10.094-1.666-1.685 3.046-.712 6.634-.976 9.936v14.767h-8.354c.109-8.165-.238-16.344.215-24.5.674-5.346 5.095-10.389 10.676-10.627 4.902-.739 10.103 2.038 12.053 6.631.375 1.435 1.76 1.932 1.994.084 1.844-3.704 5.501-6.739 9.785-6.771.367-.044.735-.068 1.101-.073z\"\/><defs><linearGradient id=\"paint0_linear_549_34\" x1=\"37.0692\" y1=\"0\" x2=\"37.0692\" y2=\"79\" gradientUnits=\"userSpaceOnUse\"><stop stop-color=\"#6364FF\"\/><stop offset=\"1\" stop-color=\"#563ACC\"\/><\/linearGradient><\/defs><\/svg><\/span><span class=\"shariff-text\">teilen<\/span>&nbsp;<\/a><\/li><li class=\"shariff-button facebook shariff-nocustomcolor\" style=\"background-color:#4273c8\"><a href=\"https:\/\/www.facebook.com\/sharer\/sharer.php?u=https%3A%2F%2Fweb68688.ssd-space.de%2Fsumfleth-buxtehude%2Ffamilienforschung%2Ffamilienwappen%2F\" title=\"Bei Facebook teilen\" aria-label=\"Bei Facebook teilen\" role=\"button\" rel=\"nofollow\" class=\"shariff-link\" style=\"; background-color:#3b5998; color:#fff\" target=\"_blank\"><span class=\"shariff-icon\" style=\"\"><svg width=\"32px\" height=\"20px\" xmlns=\"http:\/\/www.w3.org\/2000\/svg\" viewBox=\"0 0 18 32\"><path fill=\"#3b5998\" d=\"M17.1 0.2v4.7h-2.8q-1.5 0-2.1 0.6t-0.5 1.9v3.4h5.2l-0.7 5.3h-4.5v13.6h-5.5v-13.6h-4.5v-5.3h4.5v-3.9q0-3.3 1.9-5.2t5-1.8q2.6 0 4.1 0.2z\"\/><\/svg><\/span><span class=\"shariff-text\">teilen<\/span>&nbsp;<span data-service=\"facebook\" style=\"color:#3b5998\" class=\"shariff-count shariff-hidezero\"><\/span>&nbsp;<\/a><\/li><li class=\"shariff-button linkedin shariff-nocustomcolor\" style=\"background-color:#1488bf\"><a href=\"https:\/\/www.linkedin.com\/sharing\/share-offsite\/?url=https%3A%2F%2Fweb68688.ssd-space.de%2Fsumfleth-buxtehude%2Ffamilienforschung%2Ffamilienwappen%2F\" title=\"Bei LinkedIn teilen\" aria-label=\"Bei LinkedIn teilen\" role=\"button\" rel=\"noopener nofollow\" class=\"shariff-link\" style=\"; background-color:#0077b5; color:#fff\" target=\"_blank\"><span class=\"shariff-icon\" style=\"\"><svg width=\"32px\" height=\"20px\" xmlns=\"http:\/\/www.w3.org\/2000\/svg\" viewBox=\"0 0 27 32\"><path fill=\"#0077b5\" d=\"M6.2 11.2v17.7h-5.9v-17.7h5.9zM6.6 5.7q0 1.3-0.9 2.2t-2.4 0.9h0q-1.5 0-2.4-0.9t-0.9-2.2 0.9-2.2 2.4-0.9 2.4 0.9 0.9 2.2zM27.4 18.7v10.1h-5.9v-9.5q0-1.9-0.7-2.9t-2.3-1.1q-1.1 0-1.9 0.6t-1.2 1.5q-0.2 0.5-0.2 1.4v9.9h-5.9q0-7.1 0-11.6t0-5.3l0-0.9h5.9v2.6h0q0.4-0.6 0.7-1t1-0.9 1.6-0.8 2-0.3q3 0 4.9 2t1.9 6z\"\/><\/svg><\/span><span class=\"shariff-text\">teilen<\/span>&nbsp;<\/a><\/li><li class=\"shariff-button info shariff-nocustomcolor\" style=\"background-color:#a8a8a8\"><a href=\"http:\/\/ct.de\/-2467514\" title=\"Weitere Informationen\" aria-label=\"Weitere Informationen\" role=\"button\" rel=\"noopener \" class=\"shariff-link\" style=\"; background-color:#999; color:#fff\" target=\"_blank\"><span class=\"shariff-icon\" style=\"\"><svg width=\"32px\" height=\"20px\" xmlns=\"http:\/\/www.w3.org\/2000\/svg\" viewBox=\"0 0 11 32\"><path fill=\"#999\" d=\"M11.4 24v2.3q0 0.5-0.3 0.8t-0.8 0.4h-9.1q-0.5 0-0.8-0.4t-0.4-0.8v-2.3q0-0.5 0.4-0.8t0.8-0.4h1.1v-6.8h-1.1q-0.5 0-0.8-0.4t-0.4-0.8v-2.3q0-0.5 0.4-0.8t0.8-0.4h6.8q0.5 0 0.8 0.4t0.4 0.8v10.3h1.1q0.5 0 0.8 0.4t0.3 0.8zM9.2 3.4v3.4q0 0.5-0.4 0.8t-0.8 0.4h-4.6q-0.4 0-0.8-0.4t-0.4-0.8v-3.4q0-0.4 0.4-0.8t0.8-0.4h4.6q0.5 0 0.8 0.4t0.4 0.8z\"\/><\/svg><\/span><\/a><\/li><\/ul><\/div>","protected":false},"excerpt":{"rendered":"<p>Das Wort Wappen (mhd. W\u00e2pen) stammt aus dem Mittelniederl\u00e4ndischen (mnl. W\u00e2pen) und war urspr\u00fcnglich bedeutungsgleich mit mittelhochdeutsch w\u00e2fen \u201eWaffe, R\u00fcstung\u201c. Es ist also etymologisch mit Waffe gleichzusetzen. Das Wappen war urspr\u00fcnglich ein Abzeichen auf einem Schild. Wappen sind in ihrer klassischen, mittelalterlichen Form in der ersten H\u00e4lfte des 12. Jahrhunderts, der Zeit der Kreuzz\u00fcge entstanden&hellip; <a href=\"https:\/\/web68688.ssd-space.de\/sumfleth-buxtehude\/familienforschung\/familienwappen\/\" class=\"more-link\">Weiterlesen <span class=\"screen-reader-text\">Familienwappen<\/span><\/a><\/p>\n","protected":false},"author":1,"featured_media":0,"parent":18,"menu_order":0,"comment_status":"open","ping_status":"closed","template":"","meta":{"footnotes":""},"class_list":["post-528","page","type-page","status-publish","hentry","without-featured-image"],"yoast_head":"<!-- This site is optimized with the Yoast SEO plugin v27.3 - https:\/\/yoast.com\/product\/yoast-seo-wordpress\/ -->\n<title>Familienwappen - Sumfleth - Buxtehude<\/title>\n<meta name=\"description\" content=\"Sumfleth - Buxtehude Familienwappen\" \/>\n<meta name=\"robots\" content=\"index, follow, max-snippet:-1, max-image-preview:large, max-video-preview:-1\" \/>\n<link rel=\"canonical\" href=\"https:\/\/web68688.ssd-space.de\/sumfleth-buxtehude\/familienforschung\/familienwappen\/\" \/>\n<meta property=\"og:locale\" content=\"de_DE\" \/>\n<meta property=\"og:type\" content=\"article\" \/>\n<meta property=\"og:title\" content=\"Familienwappen - Sumfleth - Buxtehude\" \/>\n<meta property=\"og:description\" content=\"Sumfleth - Buxtehude Familienwappen\" \/>\n<meta property=\"og:url\" content=\"https:\/\/web68688.ssd-space.de\/sumfleth-buxtehude\/familienforschung\/familienwappen\/\" \/>\n<meta property=\"og:site_name\" content=\"Sumfleth - Buxtehude\" \/>\n<meta property=\"article:modified_time\" content=\"2022-03-27T18:26:23+00:00\" \/>\n<meta property=\"og:image\" content=\"https:\/\/web68688.ssd-space.de\/sumfleth-buxtehude\/wp-content\/uploads\/2016\/02\/Familienwappen_3-2.jpg\" \/>\n<meta name=\"twitter:card\" content=\"summary_large_image\" \/>\n<meta name=\"twitter:label1\" content=\"Gesch\u00e4tzte Lesezeit\" \/>\n\t<meta name=\"twitter:data1\" content=\"2\u00a0Minuten\" \/>\n<script type=\"application\/ld+json\" class=\"yoast-schema-graph\">{\"@context\":\"https:\\\/\\\/schema.org\",\"@graph\":[{\"@type\":\"WebPage\",\"@id\":\"https:\\\/\\\/web68688.ssd-space.de\\\/sumfleth-buxtehude\\\/familienforschung\\\/familienwappen\\\/\",\"url\":\"https:\\\/\\\/web68688.ssd-space.de\\\/sumfleth-buxtehude\\\/familienforschung\\\/familienwappen\\\/\",\"name\":\"Familienwappen - Sumfleth - Buxtehude\",\"isPartOf\":{\"@id\":\"https:\\\/\\\/web68688.ssd-space.de\\\/sumfleth-buxtehude\\\/#website\"},\"primaryImageOfPage\":{\"@id\":\"https:\\\/\\\/web68688.ssd-space.de\\\/sumfleth-buxtehude\\\/familienforschung\\\/familienwappen\\\/#primaryimage\"},\"image\":{\"@id\":\"https:\\\/\\\/web68688.ssd-space.de\\\/sumfleth-buxtehude\\\/familienforschung\\\/familienwappen\\\/#primaryimage\"},\"thumbnailUrl\":\"https:\\\/\\\/web68688.ssd-space.de\\\/sumfleth-buxtehude\\\/wp-content\\\/uploads\\\/2016\\\/02\\\/Familienwappen_3-2.jpg\",\"datePublished\":\"2019-08-04T17:44:25+00:00\",\"dateModified\":\"2022-03-27T18:26:23+00:00\",\"description\":\"Sumfleth - Buxtehude Familienwappen\",\"breadcrumb\":{\"@id\":\"https:\\\/\\\/web68688.ssd-space.de\\\/sumfleth-buxtehude\\\/familienforschung\\\/familienwappen\\\/#breadcrumb\"},\"inLanguage\":\"de\",\"potentialAction\":[{\"@type\":\"ReadAction\",\"target\":[\"https:\\\/\\\/web68688.ssd-space.de\\\/sumfleth-buxtehude\\\/familienforschung\\\/familienwappen\\\/\"]}]},{\"@type\":\"ImageObject\",\"inLanguage\":\"de\",\"@id\":\"https:\\\/\\\/web68688.ssd-space.de\\\/sumfleth-buxtehude\\\/familienforschung\\\/familienwappen\\\/#primaryimage\",\"url\":\"https:\\\/\\\/web68688.ssd-space.de\\\/sumfleth-buxtehude\\\/wp-content\\\/uploads\\\/2016\\\/02\\\/Familienwappen_3-2.jpg\",\"contentUrl\":\"https:\\\/\\\/web68688.ssd-space.de\\\/sumfleth-buxtehude\\\/wp-content\\\/uploads\\\/2016\\\/02\\\/Familienwappen_3-2.jpg\",\"width\":725,\"height\":1024,\"caption\":\"Familienwappen (entworfen von Jan-Axel Sumfleth)\"},{\"@type\":\"BreadcrumbList\",\"@id\":\"https:\\\/\\\/web68688.ssd-space.de\\\/sumfleth-buxtehude\\\/familienforschung\\\/familienwappen\\\/#breadcrumb\",\"itemListElement\":[{\"@type\":\"ListItem\",\"position\":1,\"name\":\"Home\",\"item\":\"https:\\\/\\\/web68688.ssd-space.de\\\/sumfleth-buxtehude\\\/\"},{\"@type\":\"ListItem\",\"position\":2,\"name\":\"Familienwappen\"}]},{\"@type\":\"WebSite\",\"@id\":\"https:\\\/\\\/web68688.ssd-space.de\\\/sumfleth-buxtehude\\\/#website\",\"url\":\"https:\\\/\\\/web68688.ssd-space.de\\\/sumfleth-buxtehude\\\/\",\"name\":\"Sumfleth - Buxtehude\",\"description\":\"Familienforschung und mehr\",\"potentialAction\":[{\"@type\":\"SearchAction\",\"target\":{\"@type\":\"EntryPoint\",\"urlTemplate\":\"https:\\\/\\\/web68688.ssd-space.de\\\/sumfleth-buxtehude\\\/?s={search_term_string}\"},\"query-input\":{\"@type\":\"PropertyValueSpecification\",\"valueRequired\":true,\"valueName\":\"search_term_string\"}}],\"inLanguage\":\"de\"}]}<\/script>\n<!-- \/ Yoast SEO plugin. -->","yoast_head_json":{"title":"Familienwappen - Sumfleth - Buxtehude","description":"Sumfleth - Buxtehude Familienwappen","robots":{"index":"index","follow":"follow","max-snippet":"max-snippet:-1","max-image-preview":"max-image-preview:large","max-video-preview":"max-video-preview:-1"},"canonical":"https:\/\/web68688.ssd-space.de\/sumfleth-buxtehude\/familienforschung\/familienwappen\/","og_locale":"de_DE","og_type":"article","og_title":"Familienwappen - Sumfleth - Buxtehude","og_description":"Sumfleth - Buxtehude Familienwappen","og_url":"https:\/\/web68688.ssd-space.de\/sumfleth-buxtehude\/familienforschung\/familienwappen\/","og_site_name":"Sumfleth - Buxtehude","article_modified_time":"2022-03-27T18:26:23+00:00","og_image":[{"url":"https:\/\/web68688.ssd-space.de\/sumfleth-buxtehude\/wp-content\/uploads\/2016\/02\/Familienwappen_3-2.jpg","type":"","width":"","height":""}],"twitter_card":"summary_large_image","twitter_misc":{"Gesch\u00e4tzte Lesezeit":"2\u00a0Minuten"},"schema":{"@context":"https:\/\/schema.org","@graph":[{"@type":"WebPage","@id":"https:\/\/web68688.ssd-space.de\/sumfleth-buxtehude\/familienforschung\/familienwappen\/","url":"https:\/\/web68688.ssd-space.de\/sumfleth-buxtehude\/familienforschung\/familienwappen\/","name":"Familienwappen - Sumfleth - Buxtehude","isPartOf":{"@id":"https:\/\/web68688.ssd-space.de\/sumfleth-buxtehude\/#website"},"primaryImageOfPage":{"@id":"https:\/\/web68688.ssd-space.de\/sumfleth-buxtehude\/familienforschung\/familienwappen\/#primaryimage"},"image":{"@id":"https:\/\/web68688.ssd-space.de\/sumfleth-buxtehude\/familienforschung\/familienwappen\/#primaryimage"},"thumbnailUrl":"https:\/\/web68688.ssd-space.de\/sumfleth-buxtehude\/wp-content\/uploads\/2016\/02\/Familienwappen_3-2.jpg","datePublished":"2019-08-04T17:44:25+00:00","dateModified":"2022-03-27T18:26:23+00:00","description":"Sumfleth - Buxtehude Familienwappen","breadcrumb":{"@id":"https:\/\/web68688.ssd-space.de\/sumfleth-buxtehude\/familienforschung\/familienwappen\/#breadcrumb"},"inLanguage":"de","potentialAction":[{"@type":"ReadAction","target":["https:\/\/web68688.ssd-space.de\/sumfleth-buxtehude\/familienforschung\/familienwappen\/"]}]},{"@type":"ImageObject","inLanguage":"de","@id":"https:\/\/web68688.ssd-space.de\/sumfleth-buxtehude\/familienforschung\/familienwappen\/#primaryimage","url":"https:\/\/web68688.ssd-space.de\/sumfleth-buxtehude\/wp-content\/uploads\/2016\/02\/Familienwappen_3-2.jpg","contentUrl":"https:\/\/web68688.ssd-space.de\/sumfleth-buxtehude\/wp-content\/uploads\/2016\/02\/Familienwappen_3-2.jpg","width":725,"height":1024,"caption":"Familienwappen (entworfen von Jan-Axel Sumfleth)"},{"@type":"BreadcrumbList","@id":"https:\/\/web68688.ssd-space.de\/sumfleth-buxtehude\/familienforschung\/familienwappen\/#breadcrumb","itemListElement":[{"@type":"ListItem","position":1,"name":"Home","item":"https:\/\/web68688.ssd-space.de\/sumfleth-buxtehude\/"},{"@type":"ListItem","position":2,"name":"Familienwappen"}]},{"@type":"WebSite","@id":"https:\/\/web68688.ssd-space.de\/sumfleth-buxtehude\/#website","url":"https:\/\/web68688.ssd-space.de\/sumfleth-buxtehude\/","name":"Sumfleth - Buxtehude","description":"Familienforschung und mehr","potentialAction":[{"@type":"SearchAction","target":{"@type":"EntryPoint","urlTemplate":"https:\/\/web68688.ssd-space.de\/sumfleth-buxtehude\/?s={search_term_string}"},"query-input":{"@type":"PropertyValueSpecification","valueRequired":true,"valueName":"search_term_string"}}],"inLanguage":"de"}]}},"_links":{"self":[{"href":"https:\/\/web68688.ssd-space.de\/sumfleth-buxtehude\/wp-json\/wp\/v2\/pages\/528","targetHints":{"allow":["GET"]}}],"collection":[{"href":"https:\/\/web68688.ssd-space.de\/sumfleth-buxtehude\/wp-json\/wp\/v2\/pages"}],"about":[{"href":"https:\/\/web68688.ssd-space.de\/sumfleth-buxtehude\/wp-json\/wp\/v2\/types\/page"}],"author":[{"embeddable":true,"href":"https:\/\/web68688.ssd-space.de\/sumfleth-buxtehude\/wp-json\/wp\/v2\/users\/1"}],"replies":[{"embeddable":true,"href":"https:\/\/web68688.ssd-space.de\/sumfleth-buxtehude\/wp-json\/wp\/v2\/comments?post=528"}],"version-history":[{"count":12,"href":"https:\/\/web68688.ssd-space.de\/sumfleth-buxtehude\/wp-json\/wp\/v2\/pages\/528\/revisions"}],"predecessor-version":[{"id":731,"href":"https:\/\/web68688.ssd-space.de\/sumfleth-buxtehude\/wp-json\/wp\/v2\/pages\/528\/revisions\/731"}],"up":[{"embeddable":true,"href":"https:\/\/web68688.ssd-space.de\/sumfleth-buxtehude\/wp-json\/wp\/v2\/pages\/18"}],"wp:attachment":[{"href":"https:\/\/web68688.ssd-space.de\/sumfleth-buxtehude\/wp-json\/wp\/v2\/media?parent=528"}],"curies":[{"name":"wp","href":"https:\/\/api.w.org\/{rel}","templated":true}]}}