{"id":43,"date":"2016-03-29T07:12:58","date_gmt":"2016-03-29T05:12:58","guid":{"rendered":"http:\/\/sumfleth-buxtehude.pfweb.eu\/?page_id=43"},"modified":"2026-02-04T11:18:45","modified_gmt":"2026-02-04T10:18:45","slug":"ahnentafel","status":"publish","type":"page","link":"https:\/\/web68688.ssd-space.de\/sumfleth-buxtehude\/familienforschung\/ahnentafel\/","title":{"rendered":"Ahnentafel"},"content":{"rendered":"\n<h1 class=\"wp-block-heading\">Ahnentafel &#8211; erstellt vom Gro\u00dfvater<\/h1>\n\n\n<div class=\"wp-block-image\">\n<figure class=\"alignleft\"><a href=\"http:\/\/sumfleth-buxtehude.pfweb.eu\/wp-content\/uploads\/2016\/03\/Johannes_Bernhard_1.jpg\"><img loading=\"lazy\" decoding=\"async\" width=\"180\" height=\"300\" src=\"http:\/\/sumfleth-buxtehude.pfweb.eu\/wp-content\/uploads\/2016\/03\/Johannes_Bernhard_1-180x300.jpg\" alt=\"Johannes Bernhard Sumfleth\" class=\"wp-image-44\" srcset=\"https:\/\/web68688.ssd-space.de\/sumfleth-buxtehude\/wp-content\/uploads\/2016\/03\/Johannes_Bernhard_1-180x300.jpg 180w, https:\/\/web68688.ssd-space.de\/sumfleth-buxtehude\/wp-content\/uploads\/2016\/03\/Johannes_Bernhard_1.jpg 480w\" sizes=\"auto, (max-width: 180px) 100vw, 180px\" \/><\/a><figcaption class=\"wp-element-caption\">Johannes Bernhard Sumfleth <br>(Foto: W. Sumfleth)<\/figcaption><\/figure>\n<\/div>\n\n<div class=\"wp-block-image wp-image-54 size-medium\">\n<figure class=\"alignright\"><img loading=\"lazy\" decoding=\"async\" width=\"211\" height=\"300\" src=\"http:\/\/sumfleth-buxtehude.pfweb.eu\/wp-content\/uploads\/2016\/03\/Ahnen_Sumfleth_1-211x300.png\" alt=\"Ahnentafel Sumfleth\" class=\"wp-image-54\" srcset=\"https:\/\/web68688.ssd-space.de\/sumfleth-buxtehude\/wp-content\/uploads\/2016\/03\/Ahnen_Sumfleth_1-211x300.png 211w, https:\/\/web68688.ssd-space.de\/sumfleth-buxtehude\/wp-content\/uploads\/2016\/03\/Ahnen_Sumfleth_1.png 616w\" sizes=\"auto, (max-width: 211px) 100vw, 211px\" \/><figcaption class=\"wp-element-caption\">Ahnentafel Sumfleth<\/figcaption><\/figure>\n<\/div>\n\n\n<p>Diese Ahnentafel ist die Basis meiner Aktivit\u00e4ten in Sachen Ahnenforschung \/ Familienforschung.<br>Mein Gro\u00dfvater hat sie seinerzeit f\u00fcr jedes seiner Kinder erstellt. Er war Mitglied der Genealogischen Gesellschaft Hamburg e.V. (Das Ergebnis ist \u00fcbrigens seit 2005 auf <a href=\"http:\/\/compgen.de\/\" target=\"_blank\" rel=\"noopener noreferrer\"><strong>Compgen.de<\/strong><\/a> einzusehen &#8211; <a href=\"https:\/\/gedbas.genealogy.net\/person\/database\/12201\" target=\"_blank\" rel=\"noopener noreferrer\"><strong>Datenbank 12201<\/strong><\/a>).<\/p>\n\n\n\n<p>Eine Veranstaltung zur Internetrecherche \/ Vorstellung von Computer-Programmen f\u00fcr die Stammbaumerstellung \/ Ahnenforschung hat mit dazu beigetragen, dass z.B. die oben erw\u00e4hnte Ahnentafel (12 Generationen) und von Datenbest\u00e4nden im Internet (Ortsfamilienb\u00fccher \/ Forschungsergebnisse anderer) meine Sammlung mittlererweile auf 24 Generationen in gerader Linie angestiegen ist.<\/p>\n\n\n\n<h2 class=\"wp-block-heading\">Sumfleth &#8211; Buxtehude im Internet<\/h2>\n\n\n<div class=\"wp-block-image\">\n<figure class=\"aligncenter\"><a href=\"https:\/\/web68688.ssd-space.de\/sumfleth-buxtehude\/wt2\/index.php?route=%2Fwt2%2Ftree%2FSumfleth\" rel=\"noopener noreferrer\"><img loading=\"lazy\" decoding=\"async\" width=\"1023\" height=\"164\" src=\"https:\/\/web68688.ssd-space.de\/sumfleth-buxtehude\/wp-content\/uploads\/2019\/11\/Screen-Shot-11-28-19-at-02.32-PM.jpg\" alt=\"Webtrees Datenbank - Sumfleth - Buxtehude\" class=\"wp-image-614\" srcset=\"https:\/\/web68688.ssd-space.de\/sumfleth-buxtehude\/wp-content\/uploads\/2019\/11\/Screen-Shot-11-28-19-at-02.32-PM.jpg 1023w, https:\/\/web68688.ssd-space.de\/sumfleth-buxtehude\/wp-content\/uploads\/2019\/11\/Screen-Shot-11-28-19-at-02.32-PM-300x48.jpg 300w, https:\/\/web68688.ssd-space.de\/sumfleth-buxtehude\/wp-content\/uploads\/2019\/11\/Screen-Shot-11-28-19-at-02.32-PM-768x123.jpg 768w, https:\/\/web68688.ssd-space.de\/sumfleth-buxtehude\/wp-content\/uploads\/2019\/11\/Screen-Shot-11-28-19-at-02.32-PM-800x128.jpg 800w\" sizes=\"auto, (max-width: 1023px) 100vw, 1023px\" \/><\/a><figcaption class=\"wp-element-caption\">Webtrees Datenbank &#8211; Sumfleth &#8211; Buxtehude<\/figcaption><\/figure>\n<\/div>\n\n\n<p>Im Gegensatz zur Ahnentafel habe ich die Form der <a href=\"https:\/\/web68688.ssd-space.de\/sumfleth-buxtehude\/wt2\/index.php?ctype=gedcom&amp;ged=Sumfleth\" target=\"_blank\" rel=\"noopener\"><strong>D<\/strong><\/a><strong><a href=\"https:\/\/web68688.ssd-space.de\/sumfleth-buxtehude\/wt2\/index.php?route=%2Fwt2%2Ftree%2FSumfleth\" target=\"_blank\" rel=\"noreferrer noopener\">atenbank (PGV-Webtrees)<\/a><\/strong> gew\u00e4hlt, um nicht nur die unmittelbaren Verwandten zu erfassen, sondern auch die Geschwister und deren Familien.<\/p>\n\n\n\n<p>Eine noch nicht abgeschlossene Aufgabe wird die Sichtung der handschriftlichen Aufzeichnungen meines Gro\u00dfvaters sein (S\u00fctterlin mit Bleistift in Oktavheften festgehalten), um die Ergebnisse nicht nur auf Informationen aus dem Internet zu st\u00fctzen.<\/p>\n\n\n\n<h2 class=\"wp-block-heading\">Lesehilfe gesucht<\/h2>\n\n\n\n<p>Auf der Seite der <strong><a href=\"https:\/\/web68688.ssd-space.de\/ahnenforscherbuxtehude.pfweb.eu\/\" target=\"_blank\" rel=\"noreferrer noopener\">Ahnenforschergruppe Buxtehude<\/a><\/strong> sind Dokumente zur direkten Bearbeitung eingestellt worden, diese beziehen auf Personen \/ Ereignisse in diesem Stammbaum:<\/p>\n\n\n\n<p><strong><a href=\"https:\/\/web68688.ssd-space.de\/ahnenforscherbuxtehude.pfweb.eu\/2020\/10\/26\/suche-biete-lesehilfe\/\" target=\"_blank\" rel=\"noreferrer noopener\"><\/a><\/strong><a href=\"https:\/\/ahnenforscher-buxtehude.de\/2020\/10\/26\/suche-biete-lesehilfe\/\" target=\"_blank\" rel=\"noreferrer noopener\"><strong>Suche\/Biete Lesehilfe \u2013 Ahnenforscher Buxtehude<\/strong><\/a><\/p>\n\n\n\n<h2 class=\"wp-block-heading\">Sumfleth\/Somfleth &#8211; Schreibweisen<\/h2>\n\n\n\n<p>Eine Ahnenforscherkollegin der <a href=\"https:\/\/ahnenforscherbuxtehude.pfweb.eu\/\" target=\"_blank\" rel=\"noreferrer noopener\"><\/a><a href=\"https:\/\/ahnenforscher-buxtehude.de\/\" target=\"_blank\" rel=\"noreferrer noopener\"><strong>Ahnenforscher Buxtehude<\/strong><\/a> brachte mich auf die Idee, bei <strong><a href=\"https:\/\/www.ancestry.de\/\" target=\"_blank\" rel=\"noopener noreferrer\">Ancestry.de<\/a><\/strong> nach Sumfleth und Somfleth zu suchen &#8211; unter der Einschr\u00e4nkung auf Estebr\u00fcgge erhielt ich die Indexseiten von ca. 500 Eintr\u00e4gen Sumfleth + genausoviele Datens\u00e4tze Somfleth (incl. der zugeh\u00f6rigen Dokumente\/Kirchenbucheintr\u00e4ge).<\/p>\n\n\n\n<p>Um nicht die \u00dcbersicht zu verlieren, habe ich alle Eintr\u00e4ge Sumfleth\/Somfleth betreffend in eine Excel-Tabelle \u00fcberf\u00fchrt, um nach und nach den Datenbestand in der Webtrees-Datenbank zu vervollst\u00e4ndigen. Ein Quercheck mit vorhandenen <strong><a href=\"https:\/\/web68688.ssd-space.de\/sumfleth-buxtehude\/category\/genealogie\/gedbas-datehttps-sumfleth-buxtehude-pfweb-eu-wp-admin-post-phppost333actioneditnbanken-sumfleth-somfleth\/\">GEDBAS-Datenbanken<\/a><\/strong> o.\u00e4. hilft ungemein, ob die Zuordnungen anhand der Dokumente stimmig sind.<\/p>\n\n\n\n<p>Sinnigerweise werden ein und dieselbe Person bei der Taufe und der sp\u00e4teren Heirat bis hin zum Sterbeeintrag nicht identisch geschrieben, auch wenn die Eintr\u00e4ge im gleichen Kirchenbuch verzeichnet sind (in der Datenbank sind alle <strong><a href=\"https:\/\/web68688.ssd-space.de\/sumfleth-buxtehude\/webtrees\/index.php?route=%2Fsumfleth-buxtehude%2Fwebtrees%2Ftree%2FSumfleth_Buxtehude%2Findividual-list&amp;alpha=S&amp;show_marnm=\" target=\"_blank\" rel=\"noreferrer noopener\">Schreibweisen<\/a><\/strong> des Nachnamen dargestellt).<\/p>\n\n\n\n<p>Ein typisches Beispiel findet sich bei meinem Urgro\u00dfvater:<\/p>\n\n\n\n<ul class=\"wp-block-list\">\n<li>getauft als <strong><a href=\"https:\/\/web68688.ssd-space.de\/sumfleth-buxtehude\/webtrees\/index.php?route=%2Fsumfleth-buxtehude%2Fwebtrees%2Ftree%2FSumfleth_Buxtehude%2Findividual%2FI2124%2FHein-SOMFLETH\" target=\"_blank\" rel=\"noreferrer noopener\">Hein SOMFLETH<\/a><\/strong> (1877)<\/li>\n\n\n\n<li>nach Aussage meines Gro\u00dfvaters eigenst\u00e4ndige Namens\u00e4nderung&nbsp; Hein SUMFLETH (Kopie der Geburtsurkunde von 1906 liegt vor)<\/li>\n\n\n\n<li>die Einstellungsurkunde als Stationsvorsteher der Kehdinger Kreisbahn ist f\u00fcr Heinrich SUMFLETH ausgestellt (Original ist in meinem Besitz)<\/li>\n\n\n\n<li><a href=\"https:\/\/web68688.ssd-space.de\/sumfleth-buxtehude\/adressbuch-stade-1911\/\"><strong>Adressbucheintrag Stade von 1911<\/strong><\/a> lautet ebenfalls auf Heinrich Sumfleth<\/li>\n<\/ul>\n\n\n\n<h2 class=\"wp-block-heading\">Was kommt nach den Sumfleth\/Somfleth?<\/h2>\n\n\n\n<p>Durch Heirat meinerseits ergibt sich mit der Herkunft der Schwiegereltern (Samland &#8211; Ostpreu\u00dfen) eine zus\u00e4tzliche Herausforderung.<\/p>\n\n\n\n<p><\/p>\n<div class=\"shariff shariff-align-center shariff-widget-align-center\" data-services=\"facebook\" data-url=\"https%3A%2F%2Fweb68688.ssd-space.de%2Fsumfleth-buxtehude%2Ffamilienforschung%2Fahnentafel%2F\" data-timestamp=\"1770203925\" data-backendurl=\"https:\/\/web68688.ssd-space.de\/sumfleth-buxtehude\/wp-json\/shariff\/v1\/share_counts?\"><ul class=\"shariff-buttons theme-grey orientation-horizontal buttonsize-small\"><li class=\"shariff-button mastodon shariff-nocustomcolor\" style=\"background-color:#563ACC\"><a href=\"https:\/\/s2f.kytta.dev\/?text=Ahnentafel https%3A%2F%2Fweb68688.ssd-space.de%2Fsumfleth-buxtehude%2Ffamilienforschung%2Fahnentafel%2F\" title=\"Bei Mastodon teilen\" aria-label=\"Bei Mastodon teilen\" role=\"button\" rel=\"noopener nofollow\" class=\"shariff-link\" style=\"; background-color:#6364FF; color:#fff\" target=\"_blank\"><span class=\"shariff-icon\" style=\"\"><svg width=\"75\" height=\"79\" viewBox=\"0 0 75 79\" fill=\"none\" xmlns=\"http:\/\/www.w3.org\/2000\/svg\"><path d=\"M37.813-.025C32.462-.058 27.114.13 21.79.598c-8.544.621-17.214 5.58-20.203 13.931C-1.12 23.318.408 32.622.465 41.65c.375 7.316.943 14.78 3.392 21.73 4.365 9.465 14.781 14.537 24.782 15.385 7.64.698 15.761-.213 22.517-4.026a54.1 54.1 0 0 0 .01-6.232c-6.855 1.316-14.101 2.609-21.049 1.074-3.883-.88-6.876-4.237-7.25-8.215-1.53-3.988 3.78-.43 5.584-.883 9.048 1.224 18.282.776 27.303-.462 7.044-.837 14.26-4.788 16.65-11.833 2.263-6.135 1.215-12.79 1.698-19.177.06-3.84.09-7.692-.262-11.52C72.596 7.844 63.223.981 53.834.684a219.453 219.453 0 0 0-16.022-.71zm11.294 12.882c5.5-.067 10.801 4.143 11.67 9.653.338 1.48.471 3 .471 4.515v21.088h-8.357c-.07-7.588.153-15.182-.131-22.765-.587-4.368-7.04-5.747-9.672-2.397-2.422 3.04-1.47 7.155-1.67 10.735v6.392h-8.307c-.146-4.996.359-10.045-.404-15.002-1.108-4.218-7.809-5.565-10.094-1.666-1.685 3.046-.712 6.634-.976 9.936v14.767h-8.354c.109-8.165-.238-16.344.215-24.5.674-5.346 5.095-10.389 10.676-10.627 4.902-.739 10.103 2.038 12.053 6.631.375 1.435 1.76 1.932 1.994.084 1.844-3.704 5.501-6.739 9.785-6.771.367-.044.735-.068 1.101-.073z\"\/><defs><linearGradient id=\"paint0_linear_549_34\" x1=\"37.0692\" y1=\"0\" x2=\"37.0692\" y2=\"79\" gradientUnits=\"userSpaceOnUse\"><stop stop-color=\"#6364FF\"\/><stop offset=\"1\" stop-color=\"#563ACC\"\/><\/linearGradient><\/defs><\/svg><\/span><span class=\"shariff-text\">teilen<\/span>&nbsp;<\/a><\/li><li class=\"shariff-button facebook shariff-nocustomcolor\" style=\"background-color:#4273c8\"><a href=\"https:\/\/www.facebook.com\/sharer\/sharer.php?u=https%3A%2F%2Fweb68688.ssd-space.de%2Fsumfleth-buxtehude%2Ffamilienforschung%2Fahnentafel%2F\" title=\"Bei Facebook teilen\" aria-label=\"Bei Facebook teilen\" role=\"button\" rel=\"nofollow\" class=\"shariff-link\" style=\"; background-color:#3b5998; color:#fff\" target=\"_blank\"><span class=\"shariff-icon\" style=\"\"><svg width=\"32px\" height=\"20px\" xmlns=\"http:\/\/www.w3.org\/2000\/svg\" viewBox=\"0 0 18 32\"><path fill=\"#3b5998\" d=\"M17.1 0.2v4.7h-2.8q-1.5 0-2.1 0.6t-0.5 1.9v3.4h5.2l-0.7 5.3h-4.5v13.6h-5.5v-13.6h-4.5v-5.3h4.5v-3.9q0-3.3 1.9-5.2t5-1.8q2.6 0 4.1 0.2z\"\/><\/svg><\/span><span class=\"shariff-text\">teilen<\/span>&nbsp;<span data-service=\"facebook\" style=\"color:#3b5998\" class=\"shariff-count shariff-hidezero\"><\/span>&nbsp;<\/a><\/li><li class=\"shariff-button linkedin shariff-nocustomcolor\" style=\"background-color:#1488bf\"><a href=\"https:\/\/www.linkedin.com\/sharing\/share-offsite\/?url=https%3A%2F%2Fweb68688.ssd-space.de%2Fsumfleth-buxtehude%2Ffamilienforschung%2Fahnentafel%2F\" title=\"Bei LinkedIn teilen\" aria-label=\"Bei LinkedIn teilen\" role=\"button\" rel=\"noopener nofollow\" class=\"shariff-link\" style=\"; background-color:#0077b5; color:#fff\" target=\"_blank\"><span class=\"shariff-icon\" style=\"\"><svg width=\"32px\" height=\"20px\" xmlns=\"http:\/\/www.w3.org\/2000\/svg\" viewBox=\"0 0 27 32\"><path fill=\"#0077b5\" d=\"M6.2 11.2v17.7h-5.9v-17.7h5.9zM6.6 5.7q0 1.3-0.9 2.2t-2.4 0.9h0q-1.5 0-2.4-0.9t-0.9-2.2 0.9-2.2 2.4-0.9 2.4 0.9 0.9 2.2zM27.4 18.7v10.1h-5.9v-9.5q0-1.9-0.7-2.9t-2.3-1.1q-1.1 0-1.9 0.6t-1.2 1.5q-0.2 0.5-0.2 1.4v9.9h-5.9q0-7.1 0-11.6t0-5.3l0-0.9h5.9v2.6h0q0.4-0.6 0.7-1t1-0.9 1.6-0.8 2-0.3q3 0 4.9 2t1.9 6z\"\/><\/svg><\/span><span class=\"shariff-text\">teilen<\/span>&nbsp;<\/a><\/li><li class=\"shariff-button info shariff-nocustomcolor\" style=\"background-color:#a8a8a8\"><a href=\"http:\/\/ct.de\/-2467514\" title=\"Weitere Informationen\" aria-label=\"Weitere Informationen\" role=\"button\" rel=\"noopener \" class=\"shariff-link\" style=\"; background-color:#999; color:#fff\" target=\"_blank\"><span class=\"shariff-icon\" style=\"\"><svg width=\"32px\" height=\"20px\" xmlns=\"http:\/\/www.w3.org\/2000\/svg\" viewBox=\"0 0 11 32\"><path fill=\"#999\" d=\"M11.4 24v2.3q0 0.5-0.3 0.8t-0.8 0.4h-9.1q-0.5 0-0.8-0.4t-0.4-0.8v-2.3q0-0.5 0.4-0.8t0.8-0.4h1.1v-6.8h-1.1q-0.5 0-0.8-0.4t-0.4-0.8v-2.3q0-0.5 0.4-0.8t0.8-0.4h6.8q0.5 0 0.8 0.4t0.4 0.8v10.3h1.1q0.5 0 0.8 0.4t0.3 0.8zM9.2 3.4v3.4q0 0.5-0.4 0.8t-0.8 0.4h-4.6q-0.4 0-0.8-0.4t-0.4-0.8v-3.4q0-0.4 0.4-0.8t0.8-0.4h4.6q0.5 0 0.8 0.4t0.4 0.8z\"\/><\/svg><\/span><\/a><\/li><\/ul><\/div>","protected":false},"excerpt":{"rendered":"<p>Ahnentafel &#8211; erstellt vom Gro\u00dfvater Diese Ahnentafel ist die Basis meiner Aktivit\u00e4ten in Sachen Ahnenforschung \/ Familienforschung.Mein Gro\u00dfvater hat sie seinerzeit f\u00fcr jedes seiner Kinder erstellt. Er war Mitglied der Genealogischen Gesellschaft Hamburg e.V. (Das Ergebnis ist \u00fcbrigens seit 2005 auf Compgen.de einzusehen &#8211; Datenbank 12201). Eine Veranstaltung zur Internetrecherche \/ Vorstellung von Computer-Programmen f\u00fcr&hellip; <a href=\"https:\/\/web68688.ssd-space.de\/sumfleth-buxtehude\/familienforschung\/ahnentafel\/\" class=\"more-link\">Weiterlesen <span class=\"screen-reader-text\">Ahnentafel<\/span><\/a><\/p>\n","protected":false},"author":1,"featured_media":0,"parent":18,"menu_order":0,"comment_status":"open","ping_status":"open","template":"","meta":{"footnotes":""},"class_list":["post-43","page","type-page","status-publish","hentry","without-featured-image"],"yoast_head":"<!-- This site is optimized with the Yoast SEO plugin v27.3 - https:\/\/yoast.com\/product\/yoast-seo-wordpress\/ -->\n<title>Ahnentafel - Sumfleth - Buxtehude<\/title>\n<meta name=\"description\" content=\"Diese Ahnentafel ist die Basis meiner Aktivit\u00e4ten in Sachen Ahnenforschung \/ Familienforschung. Mein Gro\u00dfvater hat sie f\u00fcr jedes seiner Kinder erstellt.\" \/>\n<meta name=\"robots\" content=\"index, follow, max-snippet:-1, max-image-preview:large, max-video-preview:-1\" \/>\n<link rel=\"canonical\" href=\"https:\/\/web68688.ssd-space.de\/sumfleth-buxtehude\/familienforschung\/ahnentafel\/\" \/>\n<meta property=\"og:locale\" content=\"de_DE\" \/>\n<meta property=\"og:type\" content=\"article\" \/>\n<meta property=\"og:title\" content=\"Ahnentafel - Sumfleth - Buxtehude\" \/>\n<meta property=\"og:description\" content=\"Diese Ahnentafel ist die Basis meiner Aktivit\u00e4ten in Sachen Ahnenforschung \/ Familienforschung. Mein Gro\u00dfvater hat sie f\u00fcr jedes seiner Kinder erstellt.\" \/>\n<meta property=\"og:url\" content=\"https:\/\/web68688.ssd-space.de\/sumfleth-buxtehude\/familienforschung\/ahnentafel\/\" \/>\n<meta property=\"og:site_name\" content=\"Sumfleth - Buxtehude\" \/>\n<meta property=\"article:modified_time\" content=\"2026-02-04T10:18:45+00:00\" \/>\n<meta property=\"og:image\" content=\"https:\/\/web68688.ssd-space.de\/sumfleth-buxtehude\/wp-content\/uploads\/2016\/03\/Johannes_Bernhard_1.jpg\" \/>\n\t<meta property=\"og:image:width\" content=\"480\" \/>\n\t<meta property=\"og:image:height\" content=\"800\" \/>\n\t<meta property=\"og:image:type\" content=\"image\/jpeg\" \/>\n<meta name=\"twitter:card\" content=\"summary_large_image\" \/>\n<meta name=\"twitter:label1\" content=\"Gesch\u00e4tzte Lesezeit\" \/>\n\t<meta name=\"twitter:data1\" content=\"3\u00a0Minuten\" \/>\n<script type=\"application\/ld+json\" class=\"yoast-schema-graph\">{\"@context\":\"https:\\\/\\\/schema.org\",\"@graph\":[{\"@type\":\"WebPage\",\"@id\":\"https:\\\/\\\/web68688.ssd-space.de\\\/sumfleth-buxtehude\\\/familienforschung\\\/ahnentafel\\\/\",\"url\":\"https:\\\/\\\/web68688.ssd-space.de\\\/sumfleth-buxtehude\\\/familienforschung\\\/ahnentafel\\\/\",\"name\":\"Ahnentafel - Sumfleth - Buxtehude\",\"isPartOf\":{\"@id\":\"https:\\\/\\\/web68688.ssd-space.de\\\/sumfleth-buxtehude\\\/#website\"},\"primaryImageOfPage\":{\"@id\":\"https:\\\/\\\/web68688.ssd-space.de\\\/sumfleth-buxtehude\\\/familienforschung\\\/ahnentafel\\\/#primaryimage\"},\"image\":{\"@id\":\"https:\\\/\\\/web68688.ssd-space.de\\\/sumfleth-buxtehude\\\/familienforschung\\\/ahnentafel\\\/#primaryimage\"},\"thumbnailUrl\":\"http:\\\/\\\/sumfleth-buxtehude.pfweb.eu\\\/wp-content\\\/uploads\\\/2016\\\/03\\\/Johannes_Bernhard_1-180x300.jpg\",\"datePublished\":\"2016-03-29T05:12:58+00:00\",\"dateModified\":\"2026-02-04T10:18:45+00:00\",\"description\":\"Diese Ahnentafel ist die Basis meiner Aktivit\u00e4ten in Sachen Ahnenforschung \\\/ Familienforschung. Mein Gro\u00dfvater hat sie f\u00fcr jedes seiner Kinder erstellt.\",\"breadcrumb\":{\"@id\":\"https:\\\/\\\/web68688.ssd-space.de\\\/sumfleth-buxtehude\\\/familienforschung\\\/ahnentafel\\\/#breadcrumb\"},\"inLanguage\":\"de\",\"potentialAction\":[{\"@type\":\"ReadAction\",\"target\":[\"https:\\\/\\\/web68688.ssd-space.de\\\/sumfleth-buxtehude\\\/familienforschung\\\/ahnentafel\\\/\"]}]},{\"@type\":\"ImageObject\",\"inLanguage\":\"de\",\"@id\":\"https:\\\/\\\/web68688.ssd-space.de\\\/sumfleth-buxtehude\\\/familienforschung\\\/ahnentafel\\\/#primaryimage\",\"url\":\"http:\\\/\\\/sumfleth-buxtehude.pfweb.eu\\\/wp-content\\\/uploads\\\/2016\\\/03\\\/Johannes_Bernhard_1-180x300.jpg\",\"contentUrl\":\"http:\\\/\\\/sumfleth-buxtehude.pfweb.eu\\\/wp-content\\\/uploads\\\/2016\\\/03\\\/Johannes_Bernhard_1-180x300.jpg\"},{\"@type\":\"BreadcrumbList\",\"@id\":\"https:\\\/\\\/web68688.ssd-space.de\\\/sumfleth-buxtehude\\\/familienforschung\\\/ahnentafel\\\/#breadcrumb\",\"itemListElement\":[{\"@type\":\"ListItem\",\"position\":1,\"name\":\"Home\",\"item\":\"https:\\\/\\\/web68688.ssd-space.de\\\/sumfleth-buxtehude\\\/\"},{\"@type\":\"ListItem\",\"position\":2,\"name\":\"Ahnentafel\"}]},{\"@type\":\"WebSite\",\"@id\":\"https:\\\/\\\/web68688.ssd-space.de\\\/sumfleth-buxtehude\\\/#website\",\"url\":\"https:\\\/\\\/web68688.ssd-space.de\\\/sumfleth-buxtehude\\\/\",\"name\":\"Sumfleth - Buxtehude\",\"description\":\"Familienforschung und mehr\",\"potentialAction\":[{\"@type\":\"SearchAction\",\"target\":{\"@type\":\"EntryPoint\",\"urlTemplate\":\"https:\\\/\\\/web68688.ssd-space.de\\\/sumfleth-buxtehude\\\/?s={search_term_string}\"},\"query-input\":{\"@type\":\"PropertyValueSpecification\",\"valueRequired\":true,\"valueName\":\"search_term_string\"}}],\"inLanguage\":\"de\"}]}<\/script>\n<!-- \/ Yoast SEO plugin. -->","yoast_head_json":{"title":"Ahnentafel - Sumfleth - Buxtehude","description":"Diese Ahnentafel ist die Basis meiner Aktivit\u00e4ten in Sachen Ahnenforschung \/ Familienforschung. Mein Gro\u00dfvater hat sie f\u00fcr jedes seiner Kinder erstellt.","robots":{"index":"index","follow":"follow","max-snippet":"max-snippet:-1","max-image-preview":"max-image-preview:large","max-video-preview":"max-video-preview:-1"},"canonical":"https:\/\/web68688.ssd-space.de\/sumfleth-buxtehude\/familienforschung\/ahnentafel\/","og_locale":"de_DE","og_type":"article","og_title":"Ahnentafel - Sumfleth - Buxtehude","og_description":"Diese Ahnentafel ist die Basis meiner Aktivit\u00e4ten in Sachen Ahnenforschung \/ Familienforschung. Mein Gro\u00dfvater hat sie f\u00fcr jedes seiner Kinder erstellt.","og_url":"https:\/\/web68688.ssd-space.de\/sumfleth-buxtehude\/familienforschung\/ahnentafel\/","og_site_name":"Sumfleth - Buxtehude","article_modified_time":"2026-02-04T10:18:45+00:00","og_image":[{"width":480,"height":800,"url":"https:\/\/web68688.ssd-space.de\/sumfleth-buxtehude\/wp-content\/uploads\/2016\/03\/Johannes_Bernhard_1.jpg","type":"image\/jpeg"}],"twitter_card":"summary_large_image","twitter_misc":{"Gesch\u00e4tzte Lesezeit":"3\u00a0Minuten"},"schema":{"@context":"https:\/\/schema.org","@graph":[{"@type":"WebPage","@id":"https:\/\/web68688.ssd-space.de\/sumfleth-buxtehude\/familienforschung\/ahnentafel\/","url":"https:\/\/web68688.ssd-space.de\/sumfleth-buxtehude\/familienforschung\/ahnentafel\/","name":"Ahnentafel - Sumfleth - Buxtehude","isPartOf":{"@id":"https:\/\/web68688.ssd-space.de\/sumfleth-buxtehude\/#website"},"primaryImageOfPage":{"@id":"https:\/\/web68688.ssd-space.de\/sumfleth-buxtehude\/familienforschung\/ahnentafel\/#primaryimage"},"image":{"@id":"https:\/\/web68688.ssd-space.de\/sumfleth-buxtehude\/familienforschung\/ahnentafel\/#primaryimage"},"thumbnailUrl":"http:\/\/sumfleth-buxtehude.pfweb.eu\/wp-content\/uploads\/2016\/03\/Johannes_Bernhard_1-180x300.jpg","datePublished":"2016-03-29T05:12:58+00:00","dateModified":"2026-02-04T10:18:45+00:00","description":"Diese Ahnentafel ist die Basis meiner Aktivit\u00e4ten in Sachen Ahnenforschung \/ Familienforschung. Mein Gro\u00dfvater hat sie f\u00fcr jedes seiner Kinder erstellt.","breadcrumb":{"@id":"https:\/\/web68688.ssd-space.de\/sumfleth-buxtehude\/familienforschung\/ahnentafel\/#breadcrumb"},"inLanguage":"de","potentialAction":[{"@type":"ReadAction","target":["https:\/\/web68688.ssd-space.de\/sumfleth-buxtehude\/familienforschung\/ahnentafel\/"]}]},{"@type":"ImageObject","inLanguage":"de","@id":"https:\/\/web68688.ssd-space.de\/sumfleth-buxtehude\/familienforschung\/ahnentafel\/#primaryimage","url":"http:\/\/sumfleth-buxtehude.pfweb.eu\/wp-content\/uploads\/2016\/03\/Johannes_Bernhard_1-180x300.jpg","contentUrl":"http:\/\/sumfleth-buxtehude.pfweb.eu\/wp-content\/uploads\/2016\/03\/Johannes_Bernhard_1-180x300.jpg"},{"@type":"BreadcrumbList","@id":"https:\/\/web68688.ssd-space.de\/sumfleth-buxtehude\/familienforschung\/ahnentafel\/#breadcrumb","itemListElement":[{"@type":"ListItem","position":1,"name":"Home","item":"https:\/\/web68688.ssd-space.de\/sumfleth-buxtehude\/"},{"@type":"ListItem","position":2,"name":"Ahnentafel"}]},{"@type":"WebSite","@id":"https:\/\/web68688.ssd-space.de\/sumfleth-buxtehude\/#website","url":"https:\/\/web68688.ssd-space.de\/sumfleth-buxtehude\/","name":"Sumfleth - Buxtehude","description":"Familienforschung und mehr","potentialAction":[{"@type":"SearchAction","target":{"@type":"EntryPoint","urlTemplate":"https:\/\/web68688.ssd-space.de\/sumfleth-buxtehude\/?s={search_term_string}"},"query-input":{"@type":"PropertyValueSpecification","valueRequired":true,"valueName":"search_term_string"}}],"inLanguage":"de"}]}},"_links":{"self":[{"href":"https:\/\/web68688.ssd-space.de\/sumfleth-buxtehude\/wp-json\/wp\/v2\/pages\/43","targetHints":{"allow":["GET"]}}],"collection":[{"href":"https:\/\/web68688.ssd-space.de\/sumfleth-buxtehude\/wp-json\/wp\/v2\/pages"}],"about":[{"href":"https:\/\/web68688.ssd-space.de\/sumfleth-buxtehude\/wp-json\/wp\/v2\/types\/page"}],"author":[{"embeddable":true,"href":"https:\/\/web68688.ssd-space.de\/sumfleth-buxtehude\/wp-json\/wp\/v2\/users\/1"}],"replies":[{"embeddable":true,"href":"https:\/\/web68688.ssd-space.de\/sumfleth-buxtehude\/wp-json\/wp\/v2\/comments?post=43"}],"version-history":[{"count":65,"href":"https:\/\/web68688.ssd-space.de\/sumfleth-buxtehude\/wp-json\/wp\/v2\/pages\/43\/revisions"}],"predecessor-version":[{"id":788,"href":"https:\/\/web68688.ssd-space.de\/sumfleth-buxtehude\/wp-json\/wp\/v2\/pages\/43\/revisions\/788"}],"up":[{"embeddable":true,"href":"https:\/\/web68688.ssd-space.de\/sumfleth-buxtehude\/wp-json\/wp\/v2\/pages\/18"}],"wp:attachment":[{"href":"https:\/\/web68688.ssd-space.de\/sumfleth-buxtehude\/wp-json\/wp\/v2\/media?parent=43"}],"curies":[{"name":"wp","href":"https:\/\/api.w.org\/{rel}","templated":true}]}}