{"id":296,"date":"2017-11-28T18:37:54","date_gmt":"2017-11-28T17:37:54","guid":{"rendered":"http:\/\/sumfleth-buxtehude.pfweb.eu\/?page_id=296"},"modified":"2023-04-22T18:36:58","modified_gmt":"2023-04-22T16:36:58","slug":"die-geschichte-des-namen-somflethsumfleth","status":"publish","type":"page","link":"https:\/\/web68688.ssd-space.de\/sumfleth-buxtehude\/familienforschung\/die-geschichte-des-namen-somflethsumfleth\/","title":{"rendered":"Die Geschichte des Namen Somfleth=Sumfleth"},"content":{"rendered":"<blockquote>\n<p style=\"text-align: center;\"><a href=\"https:\/\/web68688.ssd-space.de\/sumfleth-buxtehude\/wp-content\/uploads\/2017\/11\/Deckblatt_1.jpg\"><img loading=\"lazy\" decoding=\"async\" class=\"wp-image-297 size-large aligncenter\" src=\"https:\/\/web68688.ssd-space.de\/sumfleth-buxtehude\/wp-content\/uploads\/2017\/11\/Deckblatt_1-1024x732.jpg\" alt=\"Verbreitung des Namen Somfleth=Sumfleth 1937-1939\" width=\"825\" height=\"590\" srcset=\"https:\/\/web68688.ssd-space.de\/sumfleth-buxtehude\/wp-content\/uploads\/2017\/11\/Deckblatt_1-1024x732.jpg 1024w, https:\/\/web68688.ssd-space.de\/sumfleth-buxtehude\/wp-content\/uploads\/2017\/11\/Deckblatt_1-300x214.jpg 300w, https:\/\/web68688.ssd-space.de\/sumfleth-buxtehude\/wp-content\/uploads\/2017\/11\/Deckblatt_1-768x549.jpg 768w, https:\/\/web68688.ssd-space.de\/sumfleth-buxtehude\/wp-content\/uploads\/2017\/11\/Deckblatt_1.jpg 1038w\" sizes=\"auto, (max-width: 825px) 100vw, 825px\" \/><\/a>Zusammengestellt<br \/>\nvon<br \/>\nHein Somfleth, Mittelnkirchen 77<br \/>\n1937-1939<\/p>\n<h3>Die Geschichte der Sippe Somfleth=Sumfleth.<\/h3>\n<p>Es steht ohne Zweifel fest, da\u00df diese Sippe eine der \u00e4ltesten in dieser Gegend ist, die von der ersten Besiedelung, hier an der Entwicklung lebhaft beteiligt war.<\/p>\n<p>Der Name Somfleth=Sumfleth ist also aus der Geschichte des Altenlandes nicht hinweg zu denken.<\/p>\n<p>Es werden Ansichten laut, da\u00df eine Einwanderung aus Holland stattgefunden haben k\u00f6nnte.<\/p>\n<p>Das ist unbedingt zu bejahen; doch als die Friesen und Flaml\u00e4nder hier einwanderten, gab es noch keine festen Namen. Es soll in in Holland \u00e4hnlich lautende Namen geben, die bei der gleichen Umwelt leicht ohne jeglichen Zusammenhang entstehen k\u00f6nnen. Ein Zusammenhang mit Holland ist heute nicht mehr nachzuweisen; es sei aber auf die Eigenart Hollands und der Heimat, die noch viele Ber\u00fchrungspunkte haben, dabei gerne hingewiesen.<\/p>\n<p>Es bestehen in der plattdeutschen Sprache noch heute rein friesische Ausdr\u00fccke, die zweifellos auf eine fr\u00fchere enge Gemeinschaft schlie\u00dfen lassen.<\/p>\n<p>Wer Holland bereist hat, sieht viele gemeinsame Einrichtungen, ganze Gegenden \u00e4hneln dem Altenlande, soda\u00df kein Zweifel besteht, da\u00df unsere Vorfahren einst von dort kamen. Auch die sogenannten Holl\u00e4ndervertr\u00e4ge, die die Erzbisch\u00f6fe mit den Ansiedlern abgeschlossen haben, weisen auf eine Enwanderung hin.<\/p>\n<p>Beachten wir die Ortsnamen mit der Endung -fleth, so ergibt sich, da\u00df nur in einer Marschlandschaft ein solcher Name entstehen kann. Personen, die in einer solchen Gegend aufgewachsen sind, wurden nach dem Ort genannt, wo sie lebten, siehe: Zesterfleth, Bardenfleth und andere mehr.<\/p>\n<p>Im Jahre 1297 wird zuerst die Ortschaft Somvlete im Altenlande als w\u00fcste Gegend bezeichnet. Bereits 1420 wird die Ortschaft Somfleth in der Reihe der Altl\u00e4nder Ortschaften genannt und zwar Somfleth, ein Teil vom Kirchspiel Zesterflete, sp\u00e4ter Borstel.<\/p>\n<p>Erst geraume Zeit sp\u00e4ter wurde Somflether Wisch daraus hergeleitet, durch ein Grundst\u00fcck, eine Wisch (Wiese), die der Kirche zu Borstel vermacht wurde&#8230;<\/p><\/blockquote>\n<p>Die vollst\u00e4ndige Festschrift anl\u00e4sslich des Sippentages ist\u00a0<strong><a href=\"http:\/\/sumfleth-buxtehude.pfweb.eu\/wp-content\/uploads\/2017\/11\/Sippentag_1939.pdf\" target=\"_blank\" rel=\"noopener noreferrer\">hier<\/a> <\/strong>nachzulesen.<\/p>\n<h3>Sippentag SOMFLETH-SUMFLETH von 1969<\/h3>\n<blockquote><p>Auf vielfachen Wunsch soll nach drei\u00dfigj\u00e4hriger Pause am 18. Mai 1969 in Somfleth&#8217;s Hotel, Mittelnkirchen, ein Sippentag veranstaltet werden &#8230;<\/p><\/blockquote>\n<p>Die Lokalpresse <a href=\"https:\/\/web68688.ssd-space.de\/sumfleth-buxtehude\/wp-content\/uploads\/2018\/09\/Ank\u00fcndigung_Sippentag_1969.pdf\" target=\"_blank\" rel=\"noopener noreferrer\"><strong>k\u00fcndigt<\/strong><\/a> das Ereignis ausf\u00fchrlich an und <a href=\"https:\/\/web68688.ssd-space.de\/sumfleth-buxtehude\/wp-content\/uploads\/2018\/09\/Sippentag_1969.pdf\" target=\"_blank\" rel=\"noopener noreferrer\"><strong>berichtet\u00a0<\/strong><\/a>\u00fcber die Veranstaltung.<\/p>\n<p><a href=\"https:\/\/web68688.ssd-space.de\/sumfleth-buxtehude\/wp-content\/uploads\/2016\/02\/Familienwappen_3-1-e1565374581854.jpg\"><img loading=\"lazy\" decoding=\"async\" class=\"aligncenter wp-image-4 size-large\" src=\"https:\/\/web68688.ssd-space.de\/sumfleth-buxtehude\/wp-content\/uploads\/2016\/02\/Familienwappen_3-1-725x1024.jpg\" alt=\"Familienwappen (entworfen von J. A. Sumfleth)\" width=\"725\" height=\"1024\" \/><\/a>Auf der Veranstaltung wurde das neue <a href=\"https:\/\/web68688.ssd-space.de\/sumfleth-buxtehude\/familienforschung\/familienwappen\/\"><strong>Familienwappen<\/strong><\/a> der Som- und Sumfleths durch Heroldsmeister J. A. Sumfleth aus Hamburg vorgestellt.<\/p>\n<p>Anekdote am Rande:<br \/>\nnach Ansicht meiner Eltern bin ich zu jung (9 Jahre), um daran teilzunehmen &#8211; das erworbene Familienwappen h\u00e4ngt in meinem Elternhaus (fest eingerahmt &#8211; f\u00fcr diese Homepage also nicht zu gebrauchen).<br \/>\nEin Arbeitskollege mit dem seltenen Nachnamen Somfleth hat mir die Datei\u00a0 zukommen lassen&#8230;<\/p>\n<div class=\"shariff shariff-align-center shariff-widget-align-center\" data-services=\"facebook\" data-url=\"https%3A%2F%2Fweb68688.ssd-space.de%2Fsumfleth-buxtehude%2Ffamilienforschung%2Fdie-geschichte-des-namen-somflethsumfleth%2F\" data-timestamp=\"1682188618\" data-backendurl=\"https:\/\/web68688.ssd-space.de\/sumfleth-buxtehude\/wp-json\/shariff\/v1\/share_counts?\"><ul class=\"shariff-buttons theme-grey orientation-horizontal buttonsize-small\"><li class=\"shariff-button mastodon shariff-nocustomcolor\" style=\"background-color:#563ACC\"><a href=\"https:\/\/s2f.kytta.dev\/?text=Die%20Geschichte%20des%20Namen%20Somfleth%3DSumfleth https%3A%2F%2Fweb68688.ssd-space.de%2Fsumfleth-buxtehude%2Ffamilienforschung%2Fdie-geschichte-des-namen-somflethsumfleth%2F\" title=\"Bei Mastodon teilen\" aria-label=\"Bei Mastodon teilen\" role=\"button\" rel=\"noopener nofollow\" class=\"shariff-link\" style=\"; background-color:#6364FF; color:#fff\" target=\"_blank\"><span class=\"shariff-icon\" style=\"\"><svg width=\"75\" height=\"79\" viewBox=\"0 0 75 79\" fill=\"none\" xmlns=\"http:\/\/www.w3.org\/2000\/svg\"><path d=\"M37.813-.025C32.462-.058 27.114.13 21.79.598c-8.544.621-17.214 5.58-20.203 13.931C-1.12 23.318.408 32.622.465 41.65c.375 7.316.943 14.78 3.392 21.73 4.365 9.465 14.781 14.537 24.782 15.385 7.64.698 15.761-.213 22.517-4.026a54.1 54.1 0 0 0 .01-6.232c-6.855 1.316-14.101 2.609-21.049 1.074-3.883-.88-6.876-4.237-7.25-8.215-1.53-3.988 3.78-.43 5.584-.883 9.048 1.224 18.282.776 27.303-.462 7.044-.837 14.26-4.788 16.65-11.833 2.263-6.135 1.215-12.79 1.698-19.177.06-3.84.09-7.692-.262-11.52C72.596 7.844 63.223.981 53.834.684a219.453 219.453 0 0 0-16.022-.71zm11.294 12.882c5.5-.067 10.801 4.143 11.67 9.653.338 1.48.471 3 .471 4.515v21.088h-8.357c-.07-7.588.153-15.182-.131-22.765-.587-4.368-7.04-5.747-9.672-2.397-2.422 3.04-1.47 7.155-1.67 10.735v6.392h-8.307c-.146-4.996.359-10.045-.404-15.002-1.108-4.218-7.809-5.565-10.094-1.666-1.685 3.046-.712 6.634-.976 9.936v14.767h-8.354c.109-8.165-.238-16.344.215-24.5.674-5.346 5.095-10.389 10.676-10.627 4.902-.739 10.103 2.038 12.053 6.631.375 1.435 1.76 1.932 1.994.084 1.844-3.704 5.501-6.739 9.785-6.771.367-.044.735-.068 1.101-.073z\"\/><defs><linearGradient id=\"paint0_linear_549_34\" x1=\"37.0692\" y1=\"0\" x2=\"37.0692\" y2=\"79\" gradientUnits=\"userSpaceOnUse\"><stop stop-color=\"#6364FF\"\/><stop offset=\"1\" stop-color=\"#563ACC\"\/><\/linearGradient><\/defs><\/svg><\/span><span class=\"shariff-text\">teilen<\/span>&nbsp;<\/a><\/li><li class=\"shariff-button facebook shariff-nocustomcolor\" style=\"background-color:#4273c8\"><a href=\"https:\/\/www.facebook.com\/sharer\/sharer.php?u=https%3A%2F%2Fweb68688.ssd-space.de%2Fsumfleth-buxtehude%2Ffamilienforschung%2Fdie-geschichte-des-namen-somflethsumfleth%2F\" title=\"Bei Facebook teilen\" aria-label=\"Bei Facebook teilen\" role=\"button\" rel=\"nofollow\" class=\"shariff-link\" style=\"; background-color:#3b5998; color:#fff\" target=\"_blank\"><span class=\"shariff-icon\" style=\"\"><svg width=\"32px\" height=\"20px\" xmlns=\"http:\/\/www.w3.org\/2000\/svg\" viewBox=\"0 0 18 32\"><path fill=\"#3b5998\" d=\"M17.1 0.2v4.7h-2.8q-1.5 0-2.1 0.6t-0.5 1.9v3.4h5.2l-0.7 5.3h-4.5v13.6h-5.5v-13.6h-4.5v-5.3h4.5v-3.9q0-3.3 1.9-5.2t5-1.8q2.6 0 4.1 0.2z\"\/><\/svg><\/span><span class=\"shariff-text\">teilen<\/span>&nbsp;<span data-service=\"facebook\" style=\"color:#3b5998\" class=\"shariff-count shariff-hidezero\"><\/span>&nbsp;<\/a><\/li><li class=\"shariff-button linkedin shariff-nocustomcolor\" style=\"background-color:#1488bf\"><a href=\"https:\/\/www.linkedin.com\/sharing\/share-offsite\/?url=https%3A%2F%2Fweb68688.ssd-space.de%2Fsumfleth-buxtehude%2Ffamilienforschung%2Fdie-geschichte-des-namen-somflethsumfleth%2F\" title=\"Bei LinkedIn teilen\" aria-label=\"Bei LinkedIn teilen\" role=\"button\" rel=\"noopener nofollow\" class=\"shariff-link\" style=\"; background-color:#0077b5; color:#fff\" target=\"_blank\"><span class=\"shariff-icon\" style=\"\"><svg width=\"32px\" height=\"20px\" xmlns=\"http:\/\/www.w3.org\/2000\/svg\" viewBox=\"0 0 27 32\"><path fill=\"#0077b5\" d=\"M6.2 11.2v17.7h-5.9v-17.7h5.9zM6.6 5.7q0 1.3-0.9 2.2t-2.4 0.9h0q-1.5 0-2.4-0.9t-0.9-2.2 0.9-2.2 2.4-0.9 2.4 0.9 0.9 2.2zM27.4 18.7v10.1h-5.9v-9.5q0-1.9-0.7-2.9t-2.3-1.1q-1.1 0-1.9 0.6t-1.2 1.5q-0.2 0.5-0.2 1.4v9.9h-5.9q0-7.1 0-11.6t0-5.3l0-0.9h5.9v2.6h0q0.4-0.6 0.7-1t1-0.9 1.6-0.8 2-0.3q3 0 4.9 2t1.9 6z\"\/><\/svg><\/span><span class=\"shariff-text\">teilen<\/span>&nbsp;<\/a><\/li><li class=\"shariff-button info shariff-nocustomcolor\" style=\"background-color:#a8a8a8\"><a href=\"http:\/\/ct.de\/-2467514\" title=\"Weitere Informationen\" aria-label=\"Weitere Informationen\" role=\"button\" rel=\"noopener \" class=\"shariff-link\" style=\"; background-color:#999; color:#fff\" target=\"_blank\"><span class=\"shariff-icon\" style=\"\"><svg width=\"32px\" height=\"20px\" xmlns=\"http:\/\/www.w3.org\/2000\/svg\" viewBox=\"0 0 11 32\"><path fill=\"#999\" d=\"M11.4 24v2.3q0 0.5-0.3 0.8t-0.8 0.4h-9.1q-0.5 0-0.8-0.4t-0.4-0.8v-2.3q0-0.5 0.4-0.8t0.8-0.4h1.1v-6.8h-1.1q-0.5 0-0.8-0.4t-0.4-0.8v-2.3q0-0.5 0.4-0.8t0.8-0.4h6.8q0.5 0 0.8 0.4t0.4 0.8v10.3h1.1q0.5 0 0.8 0.4t0.3 0.8zM9.2 3.4v3.4q0 0.5-0.4 0.8t-0.8 0.4h-4.6q-0.4 0-0.8-0.4t-0.4-0.8v-3.4q0-0.4 0.4-0.8t0.8-0.4h4.6q0.5 0 0.8 0.4t0.4 0.8z\"\/><\/svg><\/span><\/a><\/li><\/ul><\/div>","protected":false},"excerpt":{"rendered":"<p>Zusammengestellt von Hein Somfleth, Mittelnkirchen 77 1937-1939 Die Geschichte der Sippe Somfleth=Sumfleth. Es steht ohne Zweifel fest, da\u00df diese Sippe eine der \u00e4ltesten in dieser Gegend ist, die von der ersten Besiedelung, hier an der Entwicklung lebhaft beteiligt war. Der Name Somfleth=Sumfleth ist also aus der Geschichte des Altenlandes nicht hinweg zu denken. Es werden&hellip; <a href=\"https:\/\/web68688.ssd-space.de\/sumfleth-buxtehude\/familienforschung\/die-geschichte-des-namen-somflethsumfleth\/\" class=\"more-link\">Weiterlesen <span class=\"screen-reader-text\">Die Geschichte des Namen Somfleth=Sumfleth<\/span><\/a><\/p>\n","protected":false},"author":1,"featured_media":0,"parent":18,"menu_order":0,"comment_status":"open","ping_status":"open","template":"","meta":{"footnotes":""},"class_list":["post-296","page","type-page","status-publish","hentry","without-featured-image"],"yoast_head":"<!-- This site is optimized with the Yoast SEO plugin v27.3 - https:\/\/yoast.com\/product\/yoast-seo-wordpress\/ -->\n<title>Die Geschichte des Namen Somfleth=Sumfleth - Sumfleth - Buxtehude<\/title>\n<meta name=\"robots\" content=\"index, follow, max-snippet:-1, max-image-preview:large, max-video-preview:-1\" \/>\n<link rel=\"canonical\" href=\"https:\/\/web68688.ssd-space.de\/sumfleth-buxtehude\/familienforschung\/die-geschichte-des-namen-somflethsumfleth\/\" \/>\n<meta property=\"og:locale\" content=\"de_DE\" \/>\n<meta property=\"og:type\" content=\"article\" \/>\n<meta property=\"og:title\" content=\"Die Geschichte des Namen Somfleth=Sumfleth - Sumfleth - Buxtehude\" \/>\n<meta property=\"og:description\" content=\"Zusammengestellt von Hein Somfleth, Mittelnkirchen 77 1937-1939 Die Geschichte der Sippe Somfleth=Sumfleth. Es steht ohne Zweifel fest, da\u00df diese Sippe eine der \u00e4ltesten in dieser Gegend ist, die von der ersten Besiedelung, hier an der Entwicklung lebhaft beteiligt war. Der Name Somfleth=Sumfleth ist also aus der Geschichte des Altenlandes nicht hinweg zu denken. Es werden&hellip; Weiterlesen Die Geschichte des Namen Somfleth=Sumfleth\" \/>\n<meta property=\"og:url\" content=\"https:\/\/web68688.ssd-space.de\/sumfleth-buxtehude\/familienforschung\/die-geschichte-des-namen-somflethsumfleth\/\" \/>\n<meta property=\"og:site_name\" content=\"Sumfleth - Buxtehude\" \/>\n<meta property=\"article:modified_time\" content=\"2023-04-22T16:36:58+00:00\" \/>\n<meta property=\"og:image\" content=\"https:\/\/web68688.ssd-space.de\/sumfleth-buxtehude\/wp-content\/uploads\/2017\/11\/Deckblatt_1-1024x732.jpg\" \/>\n<meta name=\"twitter:card\" content=\"summary_large_image\" \/>\n<meta name=\"twitter:label1\" content=\"Gesch\u00e4tzte Lesezeit\" \/>\n\t<meta name=\"twitter:data1\" content=\"3\u00a0Minuten\" \/>\n<script type=\"application\/ld+json\" class=\"yoast-schema-graph\">{\"@context\":\"https:\\\/\\\/schema.org\",\"@graph\":[{\"@type\":\"WebPage\",\"@id\":\"https:\\\/\\\/web68688.ssd-space.de\\\/sumfleth-buxtehude\\\/familienforschung\\\/die-geschichte-des-namen-somflethsumfleth\\\/\",\"url\":\"https:\\\/\\\/web68688.ssd-space.de\\\/sumfleth-buxtehude\\\/familienforschung\\\/die-geschichte-des-namen-somflethsumfleth\\\/\",\"name\":\"Die Geschichte des Namen Somfleth=Sumfleth - Sumfleth - Buxtehude\",\"isPartOf\":{\"@id\":\"https:\\\/\\\/web68688.ssd-space.de\\\/sumfleth-buxtehude\\\/#website\"},\"primaryImageOfPage\":{\"@id\":\"https:\\\/\\\/web68688.ssd-space.de\\\/sumfleth-buxtehude\\\/familienforschung\\\/die-geschichte-des-namen-somflethsumfleth\\\/#primaryimage\"},\"image\":{\"@id\":\"https:\\\/\\\/web68688.ssd-space.de\\\/sumfleth-buxtehude\\\/familienforschung\\\/die-geschichte-des-namen-somflethsumfleth\\\/#primaryimage\"},\"thumbnailUrl\":\"https:\\\/\\\/web68688.ssd-space.de\\\/sumfleth-buxtehude\\\/wp-content\\\/uploads\\\/2017\\\/11\\\/Deckblatt_1-1024x732.jpg\",\"datePublished\":\"2017-11-28T17:37:54+00:00\",\"dateModified\":\"2023-04-22T16:36:58+00:00\",\"breadcrumb\":{\"@id\":\"https:\\\/\\\/web68688.ssd-space.de\\\/sumfleth-buxtehude\\\/familienforschung\\\/die-geschichte-des-namen-somflethsumfleth\\\/#breadcrumb\"},\"inLanguage\":\"de\",\"potentialAction\":[{\"@type\":\"ReadAction\",\"target\":[\"https:\\\/\\\/web68688.ssd-space.de\\\/sumfleth-buxtehude\\\/familienforschung\\\/die-geschichte-des-namen-somflethsumfleth\\\/\"]}]},{\"@type\":\"ImageObject\",\"inLanguage\":\"de\",\"@id\":\"https:\\\/\\\/web68688.ssd-space.de\\\/sumfleth-buxtehude\\\/familienforschung\\\/die-geschichte-des-namen-somflethsumfleth\\\/#primaryimage\",\"url\":\"https:\\\/\\\/web68688.ssd-space.de\\\/sumfleth-buxtehude\\\/wp-content\\\/uploads\\\/2017\\\/11\\\/Deckblatt_1.jpg\",\"contentUrl\":\"https:\\\/\\\/web68688.ssd-space.de\\\/sumfleth-buxtehude\\\/wp-content\\\/uploads\\\/2017\\\/11\\\/Deckblatt_1.jpg\",\"width\":1038,\"height\":742,\"caption\":\"Verbreitung des Namen Somfleth=Sumfleth\"},{\"@type\":\"BreadcrumbList\",\"@id\":\"https:\\\/\\\/web68688.ssd-space.de\\\/sumfleth-buxtehude\\\/familienforschung\\\/die-geschichte-des-namen-somflethsumfleth\\\/#breadcrumb\",\"itemListElement\":[{\"@type\":\"ListItem\",\"position\":1,\"name\":\"Home\",\"item\":\"https:\\\/\\\/web68688.ssd-space.de\\\/sumfleth-buxtehude\\\/\"},{\"@type\":\"ListItem\",\"position\":2,\"name\":\"Die Geschichte des Namen Somfleth=Sumfleth\"}]},{\"@type\":\"WebSite\",\"@id\":\"https:\\\/\\\/web68688.ssd-space.de\\\/sumfleth-buxtehude\\\/#website\",\"url\":\"https:\\\/\\\/web68688.ssd-space.de\\\/sumfleth-buxtehude\\\/\",\"name\":\"Sumfleth - Buxtehude\",\"description\":\"Familienforschung und mehr\",\"potentialAction\":[{\"@type\":\"SearchAction\",\"target\":{\"@type\":\"EntryPoint\",\"urlTemplate\":\"https:\\\/\\\/web68688.ssd-space.de\\\/sumfleth-buxtehude\\\/?s={search_term_string}\"},\"query-input\":{\"@type\":\"PropertyValueSpecification\",\"valueRequired\":true,\"valueName\":\"search_term_string\"}}],\"inLanguage\":\"de\"}]}<\/script>\n<!-- \/ Yoast SEO plugin. -->","yoast_head_json":{"title":"Die Geschichte des Namen Somfleth=Sumfleth - Sumfleth - Buxtehude","robots":{"index":"index","follow":"follow","max-snippet":"max-snippet:-1","max-image-preview":"max-image-preview:large","max-video-preview":"max-video-preview:-1"},"canonical":"https:\/\/web68688.ssd-space.de\/sumfleth-buxtehude\/familienforschung\/die-geschichte-des-namen-somflethsumfleth\/","og_locale":"de_DE","og_type":"article","og_title":"Die Geschichte des Namen Somfleth=Sumfleth - Sumfleth - Buxtehude","og_description":"Zusammengestellt von Hein Somfleth, Mittelnkirchen 77 1937-1939 Die Geschichte der Sippe Somfleth=Sumfleth. Es steht ohne Zweifel fest, da\u00df diese Sippe eine der \u00e4ltesten in dieser Gegend ist, die von der ersten Besiedelung, hier an der Entwicklung lebhaft beteiligt war. Der Name Somfleth=Sumfleth ist also aus der Geschichte des Altenlandes nicht hinweg zu denken. Es werden&hellip; Weiterlesen Die Geschichte des Namen Somfleth=Sumfleth","og_url":"https:\/\/web68688.ssd-space.de\/sumfleth-buxtehude\/familienforschung\/die-geschichte-des-namen-somflethsumfleth\/","og_site_name":"Sumfleth - Buxtehude","article_modified_time":"2023-04-22T16:36:58+00:00","og_image":[{"url":"https:\/\/web68688.ssd-space.de\/sumfleth-buxtehude\/wp-content\/uploads\/2017\/11\/Deckblatt_1-1024x732.jpg","type":"","width":"","height":""}],"twitter_card":"summary_large_image","twitter_misc":{"Gesch\u00e4tzte Lesezeit":"3\u00a0Minuten"},"schema":{"@context":"https:\/\/schema.org","@graph":[{"@type":"WebPage","@id":"https:\/\/web68688.ssd-space.de\/sumfleth-buxtehude\/familienforschung\/die-geschichte-des-namen-somflethsumfleth\/","url":"https:\/\/web68688.ssd-space.de\/sumfleth-buxtehude\/familienforschung\/die-geschichte-des-namen-somflethsumfleth\/","name":"Die Geschichte des Namen Somfleth=Sumfleth - Sumfleth - Buxtehude","isPartOf":{"@id":"https:\/\/web68688.ssd-space.de\/sumfleth-buxtehude\/#website"},"primaryImageOfPage":{"@id":"https:\/\/web68688.ssd-space.de\/sumfleth-buxtehude\/familienforschung\/die-geschichte-des-namen-somflethsumfleth\/#primaryimage"},"image":{"@id":"https:\/\/web68688.ssd-space.de\/sumfleth-buxtehude\/familienforschung\/die-geschichte-des-namen-somflethsumfleth\/#primaryimage"},"thumbnailUrl":"https:\/\/web68688.ssd-space.de\/sumfleth-buxtehude\/wp-content\/uploads\/2017\/11\/Deckblatt_1-1024x732.jpg","datePublished":"2017-11-28T17:37:54+00:00","dateModified":"2023-04-22T16:36:58+00:00","breadcrumb":{"@id":"https:\/\/web68688.ssd-space.de\/sumfleth-buxtehude\/familienforschung\/die-geschichte-des-namen-somflethsumfleth\/#breadcrumb"},"inLanguage":"de","potentialAction":[{"@type":"ReadAction","target":["https:\/\/web68688.ssd-space.de\/sumfleth-buxtehude\/familienforschung\/die-geschichte-des-namen-somflethsumfleth\/"]}]},{"@type":"ImageObject","inLanguage":"de","@id":"https:\/\/web68688.ssd-space.de\/sumfleth-buxtehude\/familienforschung\/die-geschichte-des-namen-somflethsumfleth\/#primaryimage","url":"https:\/\/web68688.ssd-space.de\/sumfleth-buxtehude\/wp-content\/uploads\/2017\/11\/Deckblatt_1.jpg","contentUrl":"https:\/\/web68688.ssd-space.de\/sumfleth-buxtehude\/wp-content\/uploads\/2017\/11\/Deckblatt_1.jpg","width":1038,"height":742,"caption":"Verbreitung des Namen Somfleth=Sumfleth"},{"@type":"BreadcrumbList","@id":"https:\/\/web68688.ssd-space.de\/sumfleth-buxtehude\/familienforschung\/die-geschichte-des-namen-somflethsumfleth\/#breadcrumb","itemListElement":[{"@type":"ListItem","position":1,"name":"Home","item":"https:\/\/web68688.ssd-space.de\/sumfleth-buxtehude\/"},{"@type":"ListItem","position":2,"name":"Die Geschichte des Namen Somfleth=Sumfleth"}]},{"@type":"WebSite","@id":"https:\/\/web68688.ssd-space.de\/sumfleth-buxtehude\/#website","url":"https:\/\/web68688.ssd-space.de\/sumfleth-buxtehude\/","name":"Sumfleth - Buxtehude","description":"Familienforschung und mehr","potentialAction":[{"@type":"SearchAction","target":{"@type":"EntryPoint","urlTemplate":"https:\/\/web68688.ssd-space.de\/sumfleth-buxtehude\/?s={search_term_string}"},"query-input":{"@type":"PropertyValueSpecification","valueRequired":true,"valueName":"search_term_string"}}],"inLanguage":"de"}]}},"_links":{"self":[{"href":"https:\/\/web68688.ssd-space.de\/sumfleth-buxtehude\/wp-json\/wp\/v2\/pages\/296","targetHints":{"allow":["GET"]}}],"collection":[{"href":"https:\/\/web68688.ssd-space.de\/sumfleth-buxtehude\/wp-json\/wp\/v2\/pages"}],"about":[{"href":"https:\/\/web68688.ssd-space.de\/sumfleth-buxtehude\/wp-json\/wp\/v2\/types\/page"}],"author":[{"embeddable":true,"href":"https:\/\/web68688.ssd-space.de\/sumfleth-buxtehude\/wp-json\/wp\/v2\/users\/1"}],"replies":[{"embeddable":true,"href":"https:\/\/web68688.ssd-space.de\/sumfleth-buxtehude\/wp-json\/wp\/v2\/comments?post=296"}],"version-history":[{"count":26,"href":"https:\/\/web68688.ssd-space.de\/sumfleth-buxtehude\/wp-json\/wp\/v2\/pages\/296\/revisions"}],"predecessor-version":[{"id":750,"href":"https:\/\/web68688.ssd-space.de\/sumfleth-buxtehude\/wp-json\/wp\/v2\/pages\/296\/revisions\/750"}],"up":[{"embeddable":true,"href":"https:\/\/web68688.ssd-space.de\/sumfleth-buxtehude\/wp-json\/wp\/v2\/pages\/18"}],"wp:attachment":[{"href":"https:\/\/web68688.ssd-space.de\/sumfleth-buxtehude\/wp-json\/wp\/v2\/media?parent=296"}],"curies":[{"name":"wp","href":"https:\/\/api.w.org\/{rel}","templated":true}]}}