{"id":1831,"date":"2021-02-08T06:15:43","date_gmt":"2021-02-08T05:15:43","guid":{"rendered":"https:\/\/gospelvoices-buxtehude.pfweb.eu\/wp\/?page_id=1831"},"modified":"2021-03-20T19:20:48","modified_gmt":"2021-03-20T18:20:48","slug":"chorchronik","status":"publish","type":"page","link":"https:\/\/web68688.ssd-space.de\/gospelvoices-buxtehude.pfweb.eu\/ueber-uns\/chorchronik\/","title":{"rendered":"Chorchronik"},"content":{"rendered":"\t\t<div data-elementor-type=\"wp-page\" data-elementor-id=\"1831\" class=\"elementor elementor-1831\">\n\t\t\t\t\t\t<section class=\"elementor-section elementor-top-section elementor-element elementor-element-dc3b96f elementor-section-boxed elementor-section-height-default elementor-section-height-default\" data-id=\"dc3b96f\" data-element_type=\"section\" data-e-type=\"section\">\n\t\t\t\t\t\t<div class=\"elementor-container elementor-column-gap-default\">\n\t\t\t\t\t<div class=\"elementor-column elementor-col-100 elementor-top-column elementor-element elementor-element-1ce26b2\" data-id=\"1ce26b2\" data-element_type=\"column\" data-e-type=\"column\">\n\t\t\t<div class=\"elementor-widget-wrap elementor-element-populated\">\n\t\t\t\t\t\t<div class=\"elementor-element elementor-element-c8d51eb elementor-widget elementor-widget-heading\" data-id=\"c8d51eb\" data-element_type=\"widget\" data-e-type=\"widget\" data-widget_type=\"heading.default\">\n\t\t\t\t<div class=\"elementor-widget-container\">\n\t\t\t\t\t<h2 class=\"elementor-heading-title elementor-size-default\">Lust auf Gospel, Groove und Power<\/h2>\t\t\t\t<\/div>\n\t\t\t\t<\/div>\n\t\t\t\t\t<\/div>\n\t\t<\/div>\n\t\t\t\t\t<\/div>\n\t\t<\/section>\n\t\t\t\t<section class=\"elementor-section elementor-top-section elementor-element elementor-element-aa4e707 elementor-section-boxed elementor-section-height-default elementor-section-height-default\" data-id=\"aa4e707\" data-element_type=\"section\" data-e-type=\"section\">\n\t\t\t\t\t\t<div class=\"elementor-container elementor-column-gap-default\">\n\t\t\t\t\t<div class=\"elementor-column elementor-col-100 elementor-top-column elementor-element elementor-element-f74eb3c\" data-id=\"f74eb3c\" data-element_type=\"column\" data-e-type=\"column\">\n\t\t\t<div class=\"elementor-widget-wrap elementor-element-populated\">\n\t\t\t\t\t\t<div class=\"elementor-element elementor-element-8aedd96 elementor-widget elementor-widget-text-editor\" data-id=\"8aedd96\" data-element_type=\"widget\" data-e-type=\"widget\" data-widget_type=\"text-editor.default\">\n\t\t\t\t<div class=\"elementor-widget-container\">\n\t\t\t\t\t\t\t\t\t<div class=\"csc-header csc-header-n1\"><h3 class=\"csc-firstHeader\">Im Jahr 2002 wurden die \u201eSt. Paul\u2018s Gospel Voices\u201c gegr\u00fcndet<\/h3><\/div><p class=\"bodytext\">\u201eWas halten Sie eigentlich von einem Gospelchor&#8230;?\u201c Fast wie aus einem Munde kam diese Frage von Matthias Richter und mir am Ewigkeits-Sonntag 2001 nach gemeinsamem Dienst auf dem Friedhof. Damals noch \u201eper Sie\u201c, trafen wir uns zum ersten Mal etwas privater zum Gedankenaustausch.<\/p><p class=\"bodytext\"><a href=\"https:\/\/web68688.ssd-space.de\/gospelvoices-buxtehude.pfweb.eu\/chor-chronik-galerie\/\"><img fetchpriority=\"high\" decoding=\"async\" data-attachment-id=\"1840\" data-permalink=\"https:\/\/web68688.ssd-space.de\/gospelvoices-buxtehude.pfweb.eu\/img_bt_26_09_2002\/\" data-orig-file=\"https:\/\/i0.wp.com\/web68688.ssd-space.de\/gospelvoices-buxtehude.pfweb.eu\/wp-content\/uploads\/2021\/02\/IMG_BT_26_09_2002.jpg?fit=768%2C543&amp;ssl=1?v=1614021791\" data-orig-size=\"768,543\" data-comments-opened=\"1\" data-image-meta=\"{&quot;aperture&quot;:&quot;0&quot;,&quot;credit&quot;:&quot;&quot;,&quot;camera&quot;:&quot;MG5200 series&quot;,&quot;caption&quot;:&quot;&quot;,&quot;created_timestamp&quot;:&quot;1326395930&quot;,&quot;copyright&quot;:&quot;&quot;,&quot;focal_length&quot;:&quot;0&quot;,&quot;iso&quot;:&quot;0&quot;,&quot;shutter_speed&quot;:&quot;0&quot;,&quot;title&quot;:&quot;&quot;,&quot;orientation&quot;:&quot;1&quot;}\" data-image-title=\"Wie alles begann\" data-image-description=\"&lt;p&gt;Wie alles begann&lt;\/p&gt;\n\" data-image-caption=\"\" data-large-file=\"https:\/\/i0.wp.com\/web68688.ssd-space.de\/gospelvoices-buxtehude.pfweb.eu\/wp-content\/uploads\/2021\/02\/IMG_BT_26_09_2002.jpg?fit=768%2C543&amp;ssl=1?v=1614021791\" data-recalc-dims=\"1\" class=\"alignright wp-image-1840\" src=\"https:\/\/i0.wp.com\/web68688.ssd-space.de\/gospelvoices-buxtehude.pfweb.eu\/wp-content\/uploads\/2021\/02\/IMG_BT_26_09_2002.jpg?resize=400%2C283&#038;ssl=1\" alt=\"Wie alles begann\" width=\"400\" height=\"283\" srcset=\"https:\/\/i0.wp.com\/web68688.ssd-space.de\/gospelvoices-buxtehude.pfweb.eu\/wp-content\/uploads\/2021\/02\/IMG_BT_26_09_2002.jpg?w=768&amp;ssl=1 768w, https:\/\/i0.wp.com\/web68688.ssd-space.de\/gospelvoices-buxtehude.pfweb.eu\/wp-content\/uploads\/2021\/02\/IMG_BT_26_09_2002.jpg?resize=300%2C212&amp;ssl=1 300w\" sizes=\"(max-width: 400px) 100vw, 400px\" \/><\/a>Das war die Geburtsstunde des Gedankens \u201eein Gospelchor in St. Paulus\u201c. Kurz darauf kam J\u00fcrgen G\u00fcnther mit \u201eins Boot\u201c, der Gr\u00fcndungsplan eines F\u00f6rderkreises wurde durch seine sachkundige Unterst\u00fctzung geschmiedet, Gespr\u00e4che gef\u00fchrt, geplant, geworben, eingeladen.<\/p><p class=\"bodytext\">Am Donnerstag, dem 15. August 2002, \u00f6ffnete sich das St.-Paulus-Gemeindezentrum f\u00fcr das erste Treffen gospelinteressierter Menschen. 50 St\u00fchle stellten wir bereit, 90 wurden ben\u00f6tigt. Es trafen sich sangeslustige Leute aus St. Paulus, aus Buxtehude und Umgebung, kirchlich oder nicht kirchlich orientiert, mit sehr wenig bis viel Chorerfahrung, im Alter von 17 bis 70 Jahren. Schon in der ersten Probe war die Lust auf Gospel, Groove und Power zu sp\u00fcren, die ersten \u201eWarm ups\u201c mit Bewegung wurden probiert. Matthias, J\u00fcrgen und ich waren voller Spannung: Wie viele kommen n\u00e4chste Woche wieder?<\/p><p><a href=\"https:\/\/web68688.ssd-space.de\/gospelvoices-buxtehude.pfweb.eu\/chor-chronik-galerie\/\"><img decoding=\"async\" data-attachment-id=\"1847\" data-permalink=\"https:\/\/web68688.ssd-space.de\/gospelvoices-buxtehude.pfweb.eu\/st_pauls_gospelvoices\/\" data-orig-file=\"https:\/\/i0.wp.com\/web68688.ssd-space.de\/gospelvoices-buxtehude.pfweb.eu\/wp-content\/uploads\/2021\/02\/ST_PAULS_GOSPELVOICES.jpg?fit=676%2C507&amp;ssl=1?v=1614021790\" data-orig-size=\"676,507\" data-comments-opened=\"1\" data-image-meta=\"{&quot;aperture&quot;:&quot;0&quot;,&quot;credit&quot;:&quot;&quot;,&quot;camera&quot;:&quot;&quot;,&quot;caption&quot;:&quot;&quot;,&quot;created_timestamp&quot;:&quot;0&quot;,&quot;copyright&quot;:&quot;&quot;,&quot;focal_length&quot;:&quot;0&quot;,&quot;iso&quot;:&quot;0&quot;,&quot;shutter_speed&quot;:&quot;0&quot;,&quot;title&quot;:&quot;&quot;,&quot;orientation&quot;:&quot;0&quot;}\" data-image-title=\"ST_PAULS_GOSPELVOICES\" data-image-description=\"&lt;p&gt;Unser erster Auftritt&lt;\/p&gt;\n\" data-image-caption=\"\" data-large-file=\"https:\/\/i0.wp.com\/web68688.ssd-space.de\/gospelvoices-buxtehude.pfweb.eu\/wp-content\/uploads\/2021\/02\/ST_PAULS_GOSPELVOICES.jpg?fit=676%2C507&amp;ssl=1?v=1614021790\" data-recalc-dims=\"1\" class=\"alignleft wp-image-1847\" src=\"https:\/\/i0.wp.com\/web68688.ssd-space.de\/gospelvoices-buxtehude.pfweb.eu\/wp-content\/uploads\/2021\/02\/ST_PAULS_GOSPELVOICES.jpg?resize=400%2C300&#038;ssl=1\" alt=\"ST_PAULS_GOSPELVOICES\" width=\"400\" height=\"300\" srcset=\"https:\/\/i0.wp.com\/web68688.ssd-space.de\/gospelvoices-buxtehude.pfweb.eu\/wp-content\/uploads\/2021\/02\/ST_PAULS_GOSPELVOICES.jpg?w=676&amp;ssl=1 676w, https:\/\/i0.wp.com\/web68688.ssd-space.de\/gospelvoices-buxtehude.pfweb.eu\/wp-content\/uploads\/2021\/02\/ST_PAULS_GOSPELVOICES.jpg?resize=300%2C225&amp;ssl=1 300w\" sizes=\"(max-width: 400px) 100vw, 400px\" \/><\/a>Es entwickelte sich eine Chorgruppe mit viel Dynamik und Engagement. Das Interesse an einem Chor, der sich musikalisch, stimmlich, rhythmisch entwickelt, war gro\u00df, was an der Begeisterung f\u00fcr interne Sonderproben und \u00fcberregionale Workshops und Gospelfestivals erkennbar war. Um zuverl\u00e4ssige Mehrstimmigkeit wurde hart gek\u00e4mpft, und das mit Erfolg, wie heute zu h\u00f6ren ist. Durch den hohen Anteil an Frauenstimmen habe ich mich f\u00fcr Dreistimmigkeit entschieden &#8211; Sopran, Alt 1 und Alt 2 -, die auch in urspr\u00fcnglichen Gospelch\u00f6ren \u00fcblich ist. Einige M\u00e4nner singen bei uns den Sopran oktaviert, andere mit dem Alt 2 in der Tenorlage, so dass doch eine Vierstimmigkeit entsteht. Wenn die hohen Sopranistinnen in manchen Arrangements noch eine Stimme dar\u00fcber singen, erklingt der Gospelchor f\u00fcnfstimmig.<\/p><div id=\"all\"><div id=\"back\"><div id=\"contentarea\"><div id=\"wrapper2\"><div id=\"main\" role=\"main\"><article class=\"item-page\"><p class=\"bodytext\">Im Mai 2011 gestalteten die St. Paul\u00b4s Gospel Voices den Gr\u00fcndungs-Gottesdienst der <strong><a href=\"http:\/\/www.paulz-stiftung.de\/\" target=\"_blank\" rel=\"noopener\">Paulz-Stiftung<\/a><\/strong> mit der <a href=\"https:\/\/web68688.ssd-space.de\/gospelvoices-buxtehude.pfweb.eu\/chor-chronik-galerie\/\"><img decoding=\"async\" data-attachment-id=\"1862\" data-permalink=\"https:\/\/web68688.ssd-space.de\/gospelvoices-buxtehude.pfweb.eu\/09\/\" data-orig-file=\"https:\/\/i0.wp.com\/web68688.ssd-space.de\/gospelvoices-buxtehude.pfweb.eu\/wp-content\/uploads\/2021\/02\/09.jpg?fit=500%2C316&amp;ssl=1?v=1614021790\" data-orig-size=\"500,316\" data-comments-opened=\"1\" data-image-meta=\"{&quot;aperture&quot;:&quot;0&quot;,&quot;credit&quot;:&quot;&quot;,&quot;camera&quot;:&quot;&quot;,&quot;caption&quot;:&quot;&quot;,&quot;created_timestamp&quot;:&quot;0&quot;,&quot;copyright&quot;:&quot;&quot;,&quot;focal_length&quot;:&quot;0&quot;,&quot;iso&quot;:&quot;0&quot;,&quot;shutter_speed&quot;:&quot;0&quot;,&quot;title&quot;:&quot;&quot;,&quot;orientation&quot;:&quot;0&quot;}\" data-image-title=\"Das erste Konzert\" data-image-description=\"&lt;p&gt;Das erste Konzert &amp;#8222;I&amp;#8217;ll Follow Him&amp;#8220; in St. Paulus&lt;\/p&gt;\n\" data-image-caption=\"\" data-large-file=\"https:\/\/i0.wp.com\/web68688.ssd-space.de\/gospelvoices-buxtehude.pfweb.eu\/wp-content\/uploads\/2021\/02\/09.jpg?fit=500%2C316&amp;ssl=1?v=1614021790\" data-recalc-dims=\"1\" class=\"alignright wp-image-1862\" src=\"https:\/\/i0.wp.com\/web68688.ssd-space.de\/gospelvoices-buxtehude.pfweb.eu\/wp-content\/uploads\/2021\/02\/09.jpg?resize=400%2C253&#038;ssl=1\" alt=\"Das erste Konzert\" width=\"400\" height=\"253\" srcset=\"https:\/\/i0.wp.com\/web68688.ssd-space.de\/gospelvoices-buxtehude.pfweb.eu\/wp-content\/uploads\/2021\/02\/09.jpg?w=500&amp;ssl=1 500w, https:\/\/i0.wp.com\/web68688.ssd-space.de\/gospelvoices-buxtehude.pfweb.eu\/wp-content\/uploads\/2021\/02\/09.jpg?resize=300%2C190&amp;ssl=1 300w\" sizes=\"(max-width: 400px) 100vw, 400px\" \/><\/a>Gospelmesse \u201eCome into his presence\u201c. Matthias Richter war zu diesem Gottesdienst zu Gast, und im Anschluss tauschten wir uns \u00fcber den Gesang des von uns mit viel Herzblut gegr\u00fcndeten Chores aus. \u201eDer Gospelchor hat eine Piano-Kultur entwickelt\u201c, meinte Matthias. Ein sch\u00f6nes Kompliment, was ich sehr gern an die Gospeler weitergegeben habe.<\/p><p class=\"bodytext\">Der Gospelchor ist an seinen Herausforderungen gewachsen. Ich erinnere mich noch sehr gut an die Generalprobe vor dem ersten Konzert am 23.06.2003. Wie stehen wir, wie singen wir, wie bewegen wir uns? Es steckte noch einiges in den Kinderschuhen.<\/p><p class=\"bodytext\">Dem folgte 2004 die erste Konzertreise durch Sachsen, in schwarz mit T\u00fcchern, und 2006 eine zweite, <a href=\"https:\/\/web68688.ssd-space.de\/gospelvoices-buxtehude.pfweb.eu\/chor-chronik-galerie\/\"><img loading=\"lazy\" decoding=\"async\" data-attachment-id=\"1873\" data-permalink=\"https:\/\/web68688.ssd-space.de\/gospelvoices-buxtehude.pfweb.eu\/imm025_26\/\" data-orig-file=\"https:\/\/i0.wp.com\/web68688.ssd-space.de\/gospelvoices-buxtehude.pfweb.eu\/wp-content\/uploads\/2021\/02\/imm025_26.jpg?fit=800%2C533&amp;ssl=1?v=1614021789\" data-orig-size=\"800,533\" data-comments-opened=\"1\" data-image-meta=\"{&quot;aperture&quot;:&quot;0&quot;,&quot;credit&quot;:&quot;&quot;,&quot;camera&quot;:&quot;&quot;,&quot;caption&quot;:&quot;&quot;,&quot;created_timestamp&quot;:&quot;0&quot;,&quot;copyright&quot;:&quot;&quot;,&quot;focal_length&quot;:&quot;0&quot;,&quot;iso&quot;:&quot;0&quot;,&quot;shutter_speed&quot;:&quot;0&quot;,&quot;title&quot;:&quot;&quot;,&quot;orientation&quot;:&quot;0&quot;}\" data-image-title=\"Sachsen\" data-image-description=\"&lt;p&gt;Sachsen&lt;\/p&gt;\n\" data-image-caption=\"\" data-large-file=\"https:\/\/i0.wp.com\/web68688.ssd-space.de\/gospelvoices-buxtehude.pfweb.eu\/wp-content\/uploads\/2021\/02\/imm025_26.jpg?fit=800%2C533&amp;ssl=1?v=1614021789\" data-recalc-dims=\"1\" class=\"alignleft wp-image-1873\" src=\"https:\/\/i0.wp.com\/web68688.ssd-space.de\/gospelvoices-buxtehude.pfweb.eu\/wp-content\/uploads\/2021\/02\/imm025_26.jpg?resize=400%2C267&#038;ssl=1\" alt=\"Sachsen\" width=\"400\" height=\"267\" srcset=\"https:\/\/i0.wp.com\/web68688.ssd-space.de\/gospelvoices-buxtehude.pfweb.eu\/wp-content\/uploads\/2021\/02\/imm025_26.jpg?w=800&amp;ssl=1 800w, https:\/\/i0.wp.com\/web68688.ssd-space.de\/gospelvoices-buxtehude.pfweb.eu\/wp-content\/uploads\/2021\/02\/imm025_26.jpg?resize=300%2C200&amp;ssl=1 300w, https:\/\/i0.wp.com\/web68688.ssd-space.de\/gospelvoices-buxtehude.pfweb.eu\/wp-content\/uploads\/2021\/02\/imm025_26.jpg?resize=768%2C512&amp;ssl=1 768w\" sizes=\"(max-width: 400px) 100vw, 400px\" \/><\/a>bereits mit Chorrobe, durch Norddeutschland.<\/p><p class=\"bodytext\">Aus heutiger Sicht stelle ich fest, dass die intensiven Proben vor Konzerten, das Einstellen auf unvorhersehbare Konzertsituationen, die Flexibilit\u00e4t im Umgang mit verschiedenen Musikern, das Lampenfieber und das gemeinsame Gehen durch Dick und D\u00fcnn den Chor musikalisch und menschlich gest\u00e4rkt haben.<\/p><p class=\"bodytext\">Alle Gottesdienste, Feste, Festivals, Benefiz- oder andere Konzerte, die gesungen wurden und f\u00fcr die es eine intensive Probenphase im Vorfeld gab, waren ein Meilenstein im musikalischen Wachsen des Chores f\u00fcr das Ergebnis der heutigen \u201eSt. Paul\u00b4s Gospel Voices\u201c.<\/p><p class=\"bodytext\"><a href=\"https:\/\/web68688.ssd-space.de\/gospelvoices-buxtehude.pfweb.eu\/chor-chronik-galerie\/\"><img loading=\"lazy\" decoding=\"async\" data-attachment-id=\"1886\" data-permalink=\"https:\/\/web68688.ssd-space.de\/gospelvoices-buxtehude.pfweb.eu\/screen-shot-02-08-21-at-07-48-am\/\" data-orig-file=\"https:\/\/i0.wp.com\/web68688.ssd-space.de\/gospelvoices-buxtehude.pfweb.eu\/wp-content\/uploads\/2021\/02\/Screen-Shot-02-08-21-at-07.48-AM.jpg?fit=1024%2C681&amp;ssl=1?v=1614021788\" data-orig-size=\"1024,681\" data-comments-opened=\"1\" data-image-meta=\"{&quot;aperture&quot;:&quot;0&quot;,&quot;credit&quot;:&quot;&quot;,&quot;camera&quot;:&quot;&quot;,&quot;caption&quot;:&quot;&quot;,&quot;created_timestamp&quot;:&quot;0&quot;,&quot;copyright&quot;:&quot;&quot;,&quot;focal_length&quot;:&quot;0&quot;,&quot;iso&quot;:&quot;0&quot;,&quot;shutter_speed&quot;:&quot;0&quot;,&quot;title&quot;:&quot;&quot;,&quot;orientation&quot;:&quot;0&quot;}\" data-image-title=\"St. Paul&amp;#8217;s Gospel Voices\" data-image-description=\"&lt;p&gt;St. Paul&amp;#8217;s Gospel Voices&lt;\/p&gt;\n\" data-image-caption=\"\" data-large-file=\"https:\/\/i0.wp.com\/web68688.ssd-space.de\/gospelvoices-buxtehude.pfweb.eu\/wp-content\/uploads\/2021\/02\/Screen-Shot-02-08-21-at-07.48-AM.jpg?fit=1024%2C681&amp;ssl=1?v=1614021788\" data-recalc-dims=\"1\" class=\"alignright wp-image-1886\" src=\"https:\/\/i0.wp.com\/web68688.ssd-space.de\/gospelvoices-buxtehude.pfweb.eu\/wp-content\/uploads\/2021\/02\/Screen-Shot-02-08-21-at-07.48-AM.jpg?resize=400%2C266&#038;ssl=1\" alt=\"St. Paul's Gospel Voices\" width=\"400\" height=\"266\" srcset=\"https:\/\/i0.wp.com\/web68688.ssd-space.de\/gospelvoices-buxtehude.pfweb.eu\/wp-content\/uploads\/2021\/02\/Screen-Shot-02-08-21-at-07.48-AM.jpg?w=1024&amp;ssl=1 1024w, https:\/\/i0.wp.com\/web68688.ssd-space.de\/gospelvoices-buxtehude.pfweb.eu\/wp-content\/uploads\/2021\/02\/Screen-Shot-02-08-21-at-07.48-AM.jpg?resize=300%2C200&amp;ssl=1 300w, https:\/\/i0.wp.com\/web68688.ssd-space.de\/gospelvoices-buxtehude.pfweb.eu\/wp-content\/uploads\/2021\/02\/Screen-Shot-02-08-21-at-07.48-AM.jpg?resize=768%2C511&amp;ssl=1 768w\" sizes=\"(max-width: 400px) 100vw, 400px\" \/><\/a>Durch die Jahre getragen haben uns die Inhalte unserer Gospel. Die Texte haben uns Kraft gegeben, uns vers\u00f6hnt, manchmal auch weinen lassen und erf\u00fcllt, uns Freude geschenkt oder nachdenklich gestimmt. Wir sind dankbar, wenn der Funke der Gospel auf unsere Zuh\u00f6rer \u00fcberspringt, wir sie mitrei\u00dfen und ber\u00fchren k\u00f6nnen.<\/p><p class=\"bodytext\">Leistungsstarke <strong><a href=\"https:\/\/web68688.ssd-space.de\/gospelvoices-buxtehude.pfweb.eu\/solisten\/\">Solistinnen und Solisten<\/a><\/strong>, die sich auch au\u00dferhalb des Gospelchores gesanglich weiterbilden bzw. t\u00e4tig sind, bringen Brillanz in unsere Gospelsongs und peppen unsere Arrangements noch extra durch eine kleine Chorgruppe auf. Zur authentischen Begleitung afrikanischer Spirituals schlossen sich rhythmisch interessierte Choristen zum <a href=\"https:\/\/web68688.ssd-space.de\/gospelvoices-buxtehude.pfweb.eu\/percussion-ensemble\/\"><strong>Percussion-Ensemble<\/strong><\/a> zusammen, schafften sich Djemben an und lernten, darauf zu spielen.<\/p><p class=\"bodytext\">F\u00fcr die gute <a href=\"https:\/\/web68688.ssd-space.de\/gospelvoices-buxtehude.pfweb.eu\/teams\/\"><strong>Kommunikation<\/strong><\/a> zwischen Chor und Chorleitung sorgen sieben <a title=\"Stimmsprecher\" href=\"https:\/\/web68688.ssd-space.de\/gospelvoices-buxtehude.pfweb.eu\/stimmsprecher\/\"><strong>Stimmsprecher<\/strong><\/a>. Das Kuratorium, das vor zehn Jahren J\u00fcrgen G\u00fcnther aufbaute, verwaltet und bearbeitet das finanzielle Geschehen unseres F\u00f6rderkreises in Zusammenarbeit mit dem Kirchenvorstand.<\/p><p class=\"bodytext\">F\u00fcr aufwendig zu organisierende Events wie die beiden St.-Paulus-Gospeltreffen oder auch unser Jubil\u00e4umsjahr mit vielen Akzenten sorgen Organisations-Teams, die sich daf\u00fcr zusammenfinden. Alle unseren Gesangseins\u00e4tze sind abh\u00e4ngig von <strong><a title=\"Technik\" href=\"https:\/\/web68688.ssd-space.de\/gospelvoices-buxtehude.pfweb.eu\/technik\/\">Tontechnik und Stage-Piano<\/a><\/strong>, sind getragen durch die starken und hilfsbereiten H\u00e4nde unserer Chorm\u00e4nner, die Boxen und Kisten schleppen, aufbauen, B\u00e4nke r\u00fccken, r\u00e4umen, zur Seite stehen, wenn etwas fehlt oder kaputt ist.<\/p><p class=\"bodytext\">Unser Chorleben wird gest\u00e4rkt und intensiviert durch Probenwochenenden, am allerliebsten in der <a href=\"http:\/\/www.loccum.de\/\" target=\"_blank\" rel=\"noopener\"><strong>Akademie Loccum<\/strong><\/a>, wo wir auch schon in den diesj\u00e4hrigen Osterferien unser Jubil\u00e4umsjahr begonnen haben.<\/p><p class=\"bodytext\"><strong><em>Katrin G\u00f6tz, 2012<\/em><\/strong><\/p><\/article><\/div><\/div><div class=\"wrap\">\u00a0<\/div><\/div><\/div><\/div><div id=\"footer-outer\"><div id=\"footer-inner\"><div id=\"bottom\">\u00a0<\/div><\/div><\/div>\t\t\t\t\t\t\t\t<\/div>\n\t\t\t\t<\/div>\n\t\t\t\t\t<\/div>\n\t\t<\/div>\n\t\t\t\t\t<\/div>\n\t\t<\/section>\n\t\t\t\t<\/div>\n\t\t","protected":false},"excerpt":{"rendered":"<p>Lust auf Gospel, Groove und Power Im Jahr 2002 wurden die \u201eSt. Paul\u2018s Gospel Voices\u201c gegr\u00fcndet \u201eWas halten Sie eigentlich von einem Gospelchor&#8230;?\u201c Fast wie aus einem Munde kam diese [&hellip;]<\/p>\n<div class=\"shariff shariff-align-left shariff-widget-align-left\"><ul class=\"shariff-buttons theme-default orientation-horizontal buttonsize-small\"><li class=\"shariff-button mastodon shariff-nocustomcolor\" style=\"background-color:#563ACC\"><a href=\"https:\/\/s2f.kytta.dev\/?text=Chorchronik https%3A%2F%2Fweb68688.ssd-space.de%2Fgospelvoices-buxtehude.pfweb.eu%2Fueber-uns%2Fchorchronik%2F\" title=\"Bei Mastodon teilen\" aria-label=\"Bei Mastodon teilen\" role=\"button\" rel=\"noopener nofollow\" class=\"shariff-link\" style=\"; background-color:#6364FF; color:#fff\" target=\"_blank\"><span class=\"shariff-icon\" style=\"\"><svg width=\"75\" height=\"79\" viewBox=\"0 0 75 79\" fill=\"none\" xmlns=\"http:\/\/www.w3.org\/2000\/svg\"><path d=\"M37.813-.025C32.462-.058 27.114.13 21.79.598c-8.544.621-17.214 5.58-20.203 13.931C-1.12 23.318.408 32.622.465 41.65c.375 7.316.943 14.78 3.392 21.73 4.365 9.465 14.781 14.537 24.782 15.385 7.64.698 15.761-.213 22.517-4.026a54.1 54.1 0 0 0 .01-6.232c-6.855 1.316-14.101 2.609-21.049 1.074-3.883-.88-6.876-4.237-7.25-8.215-1.53-3.988 3.78-.43 5.584-.883 9.048 1.224 18.282.776 27.303-.462 7.044-.837 14.26-4.788 16.65-11.833 2.263-6.135 1.215-12.79 1.698-19.177.06-3.84.09-7.692-.262-11.52C72.596 7.844 63.223.981 53.834.684a219.453 219.453 0 0 0-16.022-.71zm11.294 12.882c5.5-.067 10.801 4.143 11.67 9.653.338 1.48.471 3 .471 4.515v21.088h-8.357c-.07-7.588.153-15.182-.131-22.765-.587-4.368-7.04-5.747-9.672-2.397-2.422 3.04-1.47 7.155-1.67 10.735v6.392h-8.307c-.146-4.996.359-10.045-.404-15.002-1.108-4.218-7.809-5.565-10.094-1.666-1.685 3.046-.712 6.634-.976 9.936v14.767h-8.354c.109-8.165-.238-16.344.215-24.5.674-5.346 5.095-10.389 10.676-10.627 4.902-.739 10.103 2.038 12.053 6.631.375 1.435 1.76 1.932 1.994.084 1.844-3.704 5.501-6.739 9.785-6.771.367-.044.735-.068 1.101-.073z\"\/><defs><linearGradient id=\"paint0_linear_549_34\" x1=\"37.0692\" y1=\"0\" x2=\"37.0692\" y2=\"79\" gradientUnits=\"userSpaceOnUse\"><stop stop-color=\"#6364FF\"\/><stop offset=\"1\" stop-color=\"#563ACC\"\/><\/linearGradient><\/defs><\/svg><\/span><span class=\"shariff-text\">teilen<\/span>&nbsp;<\/a><\/li><li class=\"shariff-button facebook shariff-nocustomcolor\" style=\"background-color:#4273c8\"><a href=\"https:\/\/www.facebook.com\/sharer\/sharer.php?u=https%3A%2F%2Fweb68688.ssd-space.de%2Fgospelvoices-buxtehude.pfweb.eu%2Fueber-uns%2Fchorchronik%2F\" title=\"Bei Facebook teilen\" aria-label=\"Bei Facebook teilen\" role=\"button\" rel=\"nofollow\" class=\"shariff-link\" style=\"; background-color:#3b5998; color:#fff\" target=\"_blank\"><span class=\"shariff-icon\" style=\"\"><svg width=\"32px\" height=\"20px\" xmlns=\"http:\/\/www.w3.org\/2000\/svg\" viewBox=\"0 0 18 32\"><path fill=\"#3b5998\" d=\"M17.1 0.2v4.7h-2.8q-1.5 0-2.1 0.6t-0.5 1.9v3.4h5.2l-0.7 5.3h-4.5v13.6h-5.5v-13.6h-4.5v-5.3h4.5v-3.9q0-3.3 1.9-5.2t5-1.8q2.6 0 4.1 0.2z\"\/><\/svg><\/span><span class=\"shariff-text\">teilen<\/span>&nbsp;<\/a><\/li><li class=\"shariff-button linkedin shariff-nocustomcolor\" style=\"background-color:#1488bf\"><a href=\"https:\/\/www.linkedin.com\/sharing\/share-offsite\/?url=https%3A%2F%2Fweb68688.ssd-space.de%2Fgospelvoices-buxtehude.pfweb.eu%2Fueber-uns%2Fchorchronik%2F\" title=\"Bei LinkedIn teilen\" aria-label=\"Bei LinkedIn teilen\" role=\"button\" rel=\"noopener nofollow\" class=\"shariff-link\" style=\"; background-color:#0077b5; color:#fff\" target=\"_blank\"><span class=\"shariff-icon\" style=\"\"><svg width=\"32px\" height=\"20px\" xmlns=\"http:\/\/www.w3.org\/2000\/svg\" viewBox=\"0 0 27 32\"><path fill=\"#0077b5\" d=\"M6.2 11.2v17.7h-5.9v-17.7h5.9zM6.6 5.7q0 1.3-0.9 2.2t-2.4 0.9h0q-1.5 0-2.4-0.9t-0.9-2.2 0.9-2.2 2.4-0.9 2.4 0.9 0.9 2.2zM27.4 18.7v10.1h-5.9v-9.5q0-1.9-0.7-2.9t-2.3-1.1q-1.1 0-1.9 0.6t-1.2 1.5q-0.2 0.5-0.2 1.4v9.9h-5.9q0-7.1 0-11.6t0-5.3l0-0.9h5.9v2.6h0q0.4-0.6 0.7-1t1-0.9 1.6-0.8 2-0.3q3 0 4.9 2t1.9 6z\"\/><\/svg><\/span><span class=\"shariff-text\">teilen<\/span>&nbsp;<\/a><\/li><li class=\"shariff-button info shariff-nocustomcolor\" style=\"background-color:#eee\"><a href=\"http:\/\/ct.de\/-2467514\" title=\"Weitere Informationen\" aria-label=\"Weitere Informationen\" role=\"button\" rel=\"noopener \" class=\"shariff-link\" style=\"; background-color:#fff; color:#fff\" target=\"_blank\"><span class=\"shariff-icon\" style=\"\"><svg width=\"32px\" height=\"20px\" xmlns=\"http:\/\/www.w3.org\/2000\/svg\" viewBox=\"0 0 11 32\"><path fill=\"#999\" d=\"M11.4 24v2.3q0 0.5-0.3 0.8t-0.8 0.4h-9.1q-0.5 0-0.8-0.4t-0.4-0.8v-2.3q0-0.5 0.4-0.8t0.8-0.4h1.1v-6.8h-1.1q-0.5 0-0.8-0.4t-0.4-0.8v-2.3q0-0.5 0.4-0.8t0.8-0.4h6.8q0.5 0 0.8 0.4t0.4 0.8v10.3h1.1q0.5 0 0.8 0.4t0.3 0.8zM9.2 3.4v3.4q0 0.5-0.4 0.8t-0.8 0.4h-4.6q-0.4 0-0.8-0.4t-0.4-0.8v-3.4q0-0.4 0.4-0.8t0.8-0.4h4.6q0.5 0 0.8 0.4t0.4 0.8z\"\/><\/svg><\/span><\/a><\/li><\/ul><\/div>","protected":false},"author":1,"featured_media":0,"parent":108,"menu_order":0,"comment_status":"open","ping_status":"closed","template":"","meta":{"site-sidebar-layout":"left-sidebar","site-content-layout":"default","ast-site-content-layout":"default","site-content-style":"default","site-sidebar-style":"default","ast-global-header-display":"","ast-banner-title-visibility":"","ast-main-header-display":"","ast-hfb-above-header-display":"","ast-hfb-below-header-display":"","ast-hfb-mobile-header-display":"","site-post-title":"disabled","ast-breadcrumbs-content":"","ast-featured-img":"disabled","footer-sml-layout":"","ast-disable-related-posts":"","theme-transparent-header-meta":"default","adv-header-id-meta":"","stick-header-meta":"","header-above-stick-meta":"","header-main-stick-meta":"","header-below-stick-meta":"","astra-migrate-meta-layouts":"default","ast-page-background-enabled":"default","ast-page-background-meta":{"desktop":{"background-color":"","background-image":"","background-repeat":"repeat","background-position":"center center","background-size":"auto","background-attachment":"scroll","background-type":"","background-media":"","overlay-type":"","overlay-color":"","overlay-opacity":"","overlay-gradient":""},"tablet":{"background-color":"","background-image":"","background-repeat":"repeat","background-position":"center center","background-size":"auto","background-attachment":"scroll","background-type":"","background-media":"","overlay-type":"","overlay-color":"","overlay-opacity":"","overlay-gradient":""},"mobile":{"background-color":"","background-image":"","background-repeat":"repeat","background-position":"center center","background-size":"auto","background-attachment":"scroll","background-type":"","background-media":"","overlay-type":"","overlay-color":"","overlay-opacity":"","overlay-gradient":""}},"ast-content-background-meta":{"desktop":{"background-color":"var(--ast-global-color-5)","background-image":"","background-repeat":"repeat","background-position":"center center","background-size":"auto","background-attachment":"scroll","background-type":"","background-media":"","overlay-type":"","overlay-color":"","overlay-opacity":"","overlay-gradient":""},"tablet":{"background-color":"var(--ast-global-color-5)","background-image":"","background-repeat":"repeat","background-position":"center center","background-size":"auto","background-attachment":"scroll","background-type":"","background-media":"","overlay-type":"","overlay-color":"","overlay-opacity":"","overlay-gradient":""},"mobile":{"background-color":"var(--ast-global-color-5)","background-image":"","background-repeat":"repeat","background-position":"center center","background-size":"auto","background-attachment":"scroll","background-type":"","background-media":"","overlay-type":"","overlay-color":"","overlay-opacity":"","overlay-gradient":""}},"advanced_seo_description":"","jetpack_seo_html_title":"","jetpack_seo_noindex":false,"footnotes":""},"class_list":["post-1831","page","type-page","status-publish","hentry"],"jetpack-related-posts":[{"id":108,"url":"https:\/\/web68688.ssd-space.de\/gospelvoices-buxtehude.pfweb.eu\/ueber-uns\/","url_meta":{"origin":1831,"position":0},"title":"\u00dcber Uns","author":"Hauke Sumfleth","date":"5. Februar 2021","format":false,"excerpt":"St. Paul's Gospel Voices wurden im August 2002 anl\u00e4sslich des 30. Jubil\u00e4ums der Paulus-Kirche Buxtehude gegr\u00fcndet. Schon zur Gr\u00fcndungs-Probe fanden sich ca. 80 sangesfreudige Gospel- und Spiritual- Freunde ein.Der Gospelchor, einstmals aus S\u00e4ngern mit sehrunterschiedlichen musikalischen Ausgangspunkten,entwickelte sich in den nunmehr fast 15 Jahren seines Bestehens zu einem zielorientiert arbeitenden\u2026","rel":"","context":"\u00c4hnlicher Beitrag","block_context":{"text":"\u00c4hnlicher Beitrag","link":""},"img":{"alt_text":"Weinfestgottesdienst St. Petri","src":"https:\/\/i0.wp.com\/web68688.ssd-space.de\/gospelvoices-buxtehude.pfweb.eu\/wp-content\/uploads\/2021\/02\/IMG_8264-300x200.jpg?resize=350%2C200&ssl=1","width":350,"height":200},"classes":[]},{"id":142,"url":"https:\/\/web68688.ssd-space.de\/gospelvoices-buxtehude.pfweb.eu\/leitung\/","url_meta":{"origin":1831,"position":1},"title":"Leitung","author":"Hauke Sumfleth","date":"5. Februar 2021","format":false,"excerpt":"Die Chorleiterin Katrin G\u00f6tz wurde in Zwickau geboren.zehnj\u00e4hrige, umfassende musikalische Ausbildung am Robert- Schumann-Konservatorium Zwickau1977-1982 Studium an der Musikhochschule Carl Maria von Weber (Klavier, Chor, Kammermusik, Korrepetition), Diplom und Konzert- Examen, sp\u00e4ter Abschl\u00fcsse f\u00fcr Kirchen- und \u2013 Popularmusik, westafrikanische Percussion, KompositionDozentin am Robert-Schumann-Konservatorium und der Universit\u00e4t Chemnitz\/Zwickauseit 1997 musikalischer Wirkungskreis\u2026","rel":"","context":"\u00c4hnlicher Beitrag","block_context":{"text":"\u00c4hnlicher Beitrag","link":""},"img":{"alt_text":"Chorleiterin Katrin G\u00f6tz ","src":"https:\/\/i0.wp.com\/web68688.ssd-space.de\/gospelvoices-buxtehude.pfweb.eu\/wp-content\/uploads\/2021\/02\/Katrin_G_21-200x300.jpg?resize=350%2C200&ssl=1","width":350,"height":200},"classes":[]},{"id":7397,"url":"https:\/\/web68688.ssd-space.de\/gospelvoices-buxtehude.pfweb.eu\/home\/","url_meta":{"origin":1831,"position":2},"title":"Home","author":"Hauke Sumfleth","date":"27. M\u00e4rz 2021","format":false,"excerpt":"Junge Mits\u00e4ngerInnen gesucht!Wir brauchen Euch junge Menschen ab 16 Jahren f\u00fcr eine gute Chor-Perspektive. Macht mit, singt mit, groovt mit, seid herzlich willkommen in unserer Mitte!Mir liegt sehr am Herzen, dass der in 12 Jahren seit seiner Gr\u00fcndung musikalisch fortgeschrittene Klangk\u00f6rper eine gute Perspektive hat und auch noch in der\u2026","rel":"","context":"\u00c4hnlicher Beitrag","block_context":{"text":"\u00c4hnlicher Beitrag","link":""},"img":{"alt_text":"St. Paul's Gospel Voices & Friends","src":"https:\/\/i0.wp.com\/web68688.ssd-space.de\/gospelvoices-buxtehude.pfweb.eu\/wp-content\/uploads\/2021\/02\/IMG_3771_opt-300x200.jpg?resize=350%2C200&ssl=1","width":350,"height":200},"classes":[]},{"id":2871,"url":"https:\/\/web68688.ssd-space.de\/gospelvoices-buxtehude.pfweb.eu\/gospel-choere\/","url_meta":{"origin":1831,"position":3},"title":"Gospel-Ch\u00f6re","author":"Hauke Sumfleth","date":"14. Februar 2021","format":false,"excerpt":"Gospel- und andere Ch\u00f6re, mit denen wir gemeinsam auftreten","rel":"","context":"\u00c4hnlicher Beitrag","block_context":{"text":"\u00c4hnlicher Beitrag","link":""},"img":{"alt_text":"","src":"","width":0,"height":0},"classes":[]},{"id":2296,"url":"https:\/\/web68688.ssd-space.de\/gospelvoices-buxtehude.pfweb.eu\/ueber-uns\/teams\/gewandmeisterinnen\/","url_meta":{"origin":1831,"position":4},"title":"Gewandmeisterinnen","author":"Hauke Sumfleth","date":"9. Februar 2021","format":false,"excerpt":"Gewandmeisterinnen Unsere jetzigen Chorroben werden individuell auf L\u00e4nge gebracht (kn\u00f6chellang - O-Ton ein Chorkollege: \"ich habe keinen Kn\u00f6chel - ich habe dort einen Knochen...\")Unsere \"Gewandmeisterinnen\" Brigitte Laurinat + Ilka Kuhn bei der AnprobeEin Dankesch\u00f6n an Renate Martens, ohne deren Engagement unsere bisherigen Roben niemals verwirklicht worden w\u00e4ren.... und die Geschichte\u2026","rel":"","context":"\u00c4hnlicher Beitrag","block_context":{"text":"\u00c4hnlicher Beitrag","link":""},"img":{"alt_text":"Anprobe","src":"https:\/\/i0.wp.com\/web68688.ssd-space.de\/gospelvoices-buxtehude.pfweb.eu\/wp-content\/uploads\/2021\/02\/Anprobe_10-199x300.jpg?resize=350%2C200&ssl=1","width":350,"height":200},"classes":[]},{"id":3032,"url":"https:\/\/web68688.ssd-space.de\/gospelvoices-buxtehude.pfweb.eu\/pressemeldungen-ankuendigungen\/","url_meta":{"origin":1831,"position":5},"title":"Pressemeldungen \/ Ank\u00fcndigungen","author":"Hauke Sumfleth","date":"15. Februar 2021","format":false,"excerpt":"Das Bild der St. Paul's Gospel Voices in der \u00d6ffentlichkeit","rel":"","context":"\u00c4hnlicher Beitrag","block_context":{"text":"\u00c4hnlicher Beitrag","link":""},"img":{"alt_text":"","src":"","width":0,"height":0},"classes":[]}],"jetpack_sharing_enabled":true,"_links":{"self":[{"href":"https:\/\/web68688.ssd-space.de\/gospelvoices-buxtehude.pfweb.eu\/wp-json\/wp\/v2\/pages\/1831","targetHints":{"allow":["GET"]}}],"collection":[{"href":"https:\/\/web68688.ssd-space.de\/gospelvoices-buxtehude.pfweb.eu\/wp-json\/wp\/v2\/pages"}],"about":[{"href":"https:\/\/web68688.ssd-space.de\/gospelvoices-buxtehude.pfweb.eu\/wp-json\/wp\/v2\/types\/page"}],"author":[{"embeddable":true,"href":"https:\/\/web68688.ssd-space.de\/gospelvoices-buxtehude.pfweb.eu\/wp-json\/wp\/v2\/users\/1"}],"replies":[{"embeddable":true,"href":"https:\/\/web68688.ssd-space.de\/gospelvoices-buxtehude.pfweb.eu\/wp-json\/wp\/v2\/comments?post=1831"}],"version-history":[{"count":65,"href":"https:\/\/web68688.ssd-space.de\/gospelvoices-buxtehude.pfweb.eu\/wp-json\/wp\/v2\/pages\/1831\/revisions"}],"predecessor-version":[{"id":7058,"href":"https:\/\/web68688.ssd-space.de\/gospelvoices-buxtehude.pfweb.eu\/wp-json\/wp\/v2\/pages\/1831\/revisions\/7058"}],"up":[{"embeddable":true,"href":"https:\/\/web68688.ssd-space.de\/gospelvoices-buxtehude.pfweb.eu\/wp-json\/wp\/v2\/pages\/108"}],"wp:attachment":[{"href":"https:\/\/web68688.ssd-space.de\/gospelvoices-buxtehude.pfweb.eu\/wp-json\/wp\/v2\/media?parent=1831"}],"curies":[{"name":"wp","href":"https:\/\/api.w.org\/{rel}","templated":true}]}}